{"id":16031,"date":"2024-08-09T11:15:06","date_gmt":"2024-08-09T14:15:06","guid":{"rendered":"https:\/\/ipe.org.br\/partners-2023\/"},"modified":"2024-08-22T14:55:10","modified_gmt":"2024-08-22T17:55:10","slug":"partners-2023","status":"publish","type":"page","link":"https:\/\/ipe.org.br\/en\/partners-2023\/","title":{"rendered":"Partners 2023"},"content":{"rendered":"\t\t<div data-elementor-type=\"wp-page\" data-elementor-id=\"16031\" class=\"elementor elementor-16031 elementor-15947\" data-elementor-post-type=\"page\">\n\t\t\t\t<div class=\"elementor-element elementor-element-ca0347d e-flex e-con-boxed e-con e-parent\" data-id=\"ca0347d\" data-element_type=\"container\">\n\t\t\t\t\t<div class=\"e-con-inner\">\n\t\t\t\t<div class=\"elementor-element elementor-element-aed46c1 jltma-glass-effect-no elementor-widget elementor-widget-text-editor\" data-id=\"aed46c1\" data-element_type=\"widget\" data-widget_type=\"text-editor.default\">\n\t\t\t\t<div class=\"elementor-widget-container\">\n\t\t\t\t\t\t\t<p>\u00c1gora<br><span style=\"color: var( --e-global-color-text ); font-family: var( --e-global-typography-text-font-family ), Sans-serif; font-weight: var( --e-global-typography-text-font-weight ); text-align: var(--text-align); background-color: var(--base-3);\">AgroPalma Inc. (Brazil)<br><\/span><span style=\"background-color: var(--base-3); color: var( --e-global-color-text ); font-family: var( --e-global-typography-text-font-family ), Sans-serif; font-weight: var( --e-global-typography-text-font-weight ); text-align: var(--text-align);\">AGTech Garage (Brazil)<br><\/span><span style=\"color: var( --e-global-color-text ); font-family: var( --e-global-typography-text-font-family ), Sans-serif; font-weight: var( --e-global-typography-text-font-weight ); text-align: var(--text-align); background-color: var(--base-3);\">Aguama<br><\/span><span style=\"color: var( --e-global-color-text ); font-family: var( --e-global-typography-text-font-family ), Sans-serif; font-weight: var( --e-global-typography-text-font-weight ); text-align: var(--text-align); background-color: var(--base-3);\">Alpargatas S. A \u2013 Havaianas (Brazil)<br><\/span><span style=\"color: var( --e-global-color-text ); font-family: var( --e-global-typography-text-font-family ), Sans-serif; font-weight: var( --e-global-typography-text-font-weight ); text-align: var(--text-align); background-color: var(--base-3);\">Amazon Web Services &#8211; AWS<br><\/span><span style=\"color: var( --e-global-color-text ); font-family: var( --e-global-typography-text-font-family ), Sans-serif; font-weight: var( --e-global-typography-text-font-weight ); text-align: var(--text-align); background-color: var(--base-3);\">AMORU &#8211; Associa\u00e7\u00e3o de Moradores do Rio Unini (Brazil)<br><\/span><span style=\"color: var( --e-global-color-text ); font-family: var( --e-global-typography-text-font-family ), Sans-serif; font-weight: var( --e-global-typography-text-font-weight ); text-align: var(--text-align); background-color: var(--base-3);\">Associa\u00e7\u00e3o Aguap\u00e9 &#8211; Associa\u00e7\u00e3o de Seringueiros do Vale do Guapor\u00e9&nbsp;(Brazil)<br><\/span><span style=\"color: var( --e-global-color-text ); font-family: var( --e-global-typography-text-font-family ), Sans-serif; font-weight: var( --e-global-typography-text-font-weight ); text-align: var(--text-align); background-color: var(--base-3);\">Associa\u00e7\u00e3o de Defesa Etnoambiental Kanind\u00e9 (Brazil)<br><\/span><span style=\"color: var( --e-global-color-text ); font-family: var( --e-global-typography-text-font-family ), Sans-serif; font-weight: var( --e-global-typography-text-font-weight ); text-align: var(--text-align); background-color: var(--base-3);\">Associa\u00e7\u00e3o dos Moradores da Reserva Extrativista Mapu\u00e1 \u2013 AMOREMA (Brazil)<br><\/span><span style=\"color: var( --e-global-color-text ); font-family: var( --e-global-typography-text-font-family ), Sans-serif; font-weight: var( --e-global-typography-text-font-weight ); text-align: var(--text-align); background-color: var(--base-3);\">Associa\u00e7\u00e3o de Povos e Comunidades Tradicionais da Reserva de Desenvolvimento Sustent\u00e1vel (Brazil)<br><\/span><span style=\"color: var( --e-global-color-text ); font-family: var( --e-global-typography-text-font-family ), Sans-serif; font-weight: var( --e-global-typography-text-font-weight ); text-align: var(--text-align); background-color: var(--base-3);\">Associa\u00e7\u00e3o Conserva\u00e7\u00e3o da Vida Silvestre (Brazil)<br><\/span><span style=\"color: var( --e-global-color-text ); font-family: var( --e-global-typography-text-font-family ), Sans-serif; font-weight: var( --e-global-typography-text-font-weight ); text-align: var(--text-align); background-color: var(--base-3);\">Associa\u00e7\u00e3o SOS Amaz\u00f4nia (Brazil)<br><\/span><span style=\"color: var( --e-global-color-text ); font-family: var( --e-global-typography-text-font-family ), Sans-serif; font-weight: var( --e-global-typography-text-font-weight ); text-align: var(--text-align); background-color: var(--base-3);\">Association of Zoos and Aquariums (AZA) Tapir Taxon Advisory Group (TAG)<br><\/span><span style=\"color: var( --e-global-color-text ); font-family: var( --e-global-typography-text-font-family ), Sans-serif; font-weight: var( --e-global-typography-text-font-weight ); text-align: var(--text-align); background-color: var(--base-3);\">AstraZeneca<br><\/span><span style=\"color: var( --e-global-color-text ); font-family: var( --e-global-typography-text-font-family ), Sans-serif; font-weight: var( --e-global-typography-text-font-weight ); text-align: var(--text-align); background-color: var(--base-3);\">Atvos (Brazil)<br><\/span><span style=\"color: var( --e-global-color-text ); font-family: var( --e-global-typography-text-font-family ), Sans-serif; font-weight: var( --e-global-typography-text-font-weight ); text-align: var(--text-align); background-color: var(--base-3);\">Beira Rio Empreendimentos Imobili\u00e1rios SPE Ltda &#8211; Programa Nascentes SP<br><\/span><span style=\"color: var( --e-global-color-text ); font-family: var( --e-global-typography-text-font-family ), Sans-serif; font-weight: var( --e-global-typography-text-font-weight ); text-align: var(--text-align); background-color: var(--base-3);\">Brabus\/RPoint (Brazil)<br><\/span><span style=\"color: var( --e-global-color-text ); font-family: var( --e-global-typography-text-font-family ), Sans-serif; font-weight: var( --e-global-typography-text-font-weight ); text-align: var(--text-align); background-color: var(--base-3);\">Carbon Free Brasil Ltda &#8211; Programa Nascentes SP<br><\/span><span style=\"color: var( --e-global-color-text ); font-family: var( --e-global-typography-text-font-family ), Sans-serif; font-weight: var( --e-global-typography-text-font-weight ); text-align: var(--text-align); background-color: var(--base-3);\">CART &#8211; Concession\u00e1ria Auto Raposo Tavares (Brazil)<br><\/span><span style=\"color: var( --e-global-color-text ); font-family: var( --e-global-typography-text-font-family ), Sans-serif; font-weight: var( --e-global-typography-text-font-weight ); text-align: var(--text-align); background-color: var(--base-3);\">Centro Nacional de Preven\u00e7\u00e3o e Combate aos Inc\u00eandios Florestais (Prevfogo) do Instituto Brasileiro do Meio Ambiente e dos Recursos Naturais Renov\u00e1veis &#8211; Ibama<br><\/span><span style=\"color: var( --e-global-color-text ); font-family: var( --e-global-typography-text-font-family ), Sans-serif; font-weight: var( --e-global-typography-text-font-weight ); text-align: var(--text-align); background-color: var(--base-3);\">Centro de Empreendedorismo Social e Administra\u00e7\u00e3o em&nbsp;Terceiro Setor \u2013 CEATS\/USP (Brazil)<br><\/span><span style=\"color: var( --e-global-color-text ); font-family: var( --e-global-typography-text-font-family ), Sans-serif; font-weight: var( --e-global-typography-text-font-weight ); text-align: var(--text-align); background-color: var(--base-3);\">CETESB \u2013 Companhia Ambiental do Estado de S\u00e3o Paulo (Brazil)<br><\/span><span style=\"color: var( --e-global-color-text ); font-family: var( --e-global-typography-text-font-family ), Sans-serif; font-weight: var( --e-global-typography-text-font-weight ); text-align: var(--text-align); background-color: var(--base-3);\">CHEP do Brasil Ltda<br><\/span><span style=\"color: var( --e-global-color-text ); font-family: var( --e-global-typography-text-font-family ), Sans-serif; font-weight: var( --e-global-typography-text-font-weight ); text-align: var(--text-align); background-color: var(--base-3);\">Centro Integrado de Estudos e Programas de Desenvolvimento Sustent\u00e1vel \u2013 Cieds<br><\/span><span style=\"color: var( --e-global-color-text ); font-family: var( --e-global-typography-text-font-family ), Sans-serif; font-weight: var( --e-global-typography-text-font-weight ); text-align: var(--text-align); background-color: var(--base-3);\">Centro Nacional de Pesquisa e Conserva\u00e7\u00e3o de Mam\u00edferos Carn\u00edvoros (CENAP-ICMBIO) (Brazil)<br><\/span><span style=\"color: var( --e-global-color-text ); font-family: var( --e-global-typography-text-font-family ), Sans-serif; font-weight: var( --e-global-typography-text-font-weight ); text-align: var(--text-align); background-color: var(--base-3);\">Centro Nacional de Pesquisa e Conserva\u00e7\u00e3o em Biodiversidade e Restaura\u00e7\u00e3o Ecol\u00f3gica (CBC-ICMBio) (Brazil)<br><\/span><span style=\"color: var( --e-global-color-text ); font-family: var( --e-global-typography-text-font-family ), Sans-serif; font-weight: var( --e-global-typography-text-font-weight ); text-align: var(--text-align); background-color: var(--base-3);\">Coordena\u00e7\u00e3o de Monitoramento da Biodiversidade (COMOB-ICMBio) (Brazil)<br><\/span><span style=\"color: var( --e-global-color-text ); font-family: var( --e-global-typography-text-font-family ), Sans-serif; font-weight: var( --e-global-typography-text-font-weight ); text-align: var(--text-align); background-color: var(--base-3);\">Concession\u00e1ria SPMAR SA &#8211; Programa Nascentes SP<br><\/span><span style=\"color: var( --e-global-color-text ); font-family: var( --e-global-typography-text-font-family ), Sans-serif; font-weight: var( --e-global-typography-text-font-weight ); text-align: var(--text-align); background-color: var(--base-3);\">Coopera\u00e7\u00e3o Brasil-Alemanha para o Desenvolvimento Sustent\u00e1vel, por meio da Deutsche Gesellschaft f\u00fcr Internationale Zusammenarbeit &#8211; GIZ GmbH<br><\/span><span style=\"color: var( --e-global-color-text ); font-family: var( --e-global-typography-text-font-family ), Sans-serif; font-weight: var( --e-global-typography-text-font-weight ); text-align: var(--text-align); background-color: var(--base-3);\">Coordena\u00e7\u00e3o de Manejo Integrado do Fogo (CMIF) do Instituto Chico Mendes de Conserva\u00e7\u00e3o da Biodiversidade (ICMBio)<br><\/span><span style=\"color: var( --e-global-color-text ); font-family: var( --e-global-typography-text-font-family ), Sans-serif; font-weight: var( --e-global-typography-text-font-weight ); text-align: var(--text-align); background-color: var(--base-3);\">Crescimentum<br><\/span><span style=\"color: var( --e-global-color-text ); font-family: var( --e-global-typography-text-font-family ), Sans-serif; font-weight: var( --e-global-typography-text-font-weight ); text-align: var(--text-align); background-color: var(--base-3);\">D4Sign (Brazil)<br><\/span><span style=\"color: var( --e-global-color-text ); font-family: var( --e-global-typography-text-font-family ), Sans-serif; font-weight: var( --e-global-typography-text-font-weight ); text-align: var(--text-align); background-color: var(--base-3);\">Danone (Brazil)&nbsp;<br><\/span><span style=\"color: var( --e-global-color-text ); font-family: var( --e-global-typography-text-font-family ), Sans-serif; font-weight: var( --e-global-typography-text-font-weight ); text-align: var(--text-align); background-color: var(--base-3);\">Durrell Wildlife Conservation Trust (England)<br><\/span><span style=\"color: var( --e-global-color-text ); font-family: var( --e-global-typography-text-font-family ), Sans-serif; font-weight: var( --e-global-typography-text-font-weight ); text-align: var(--text-align); background-color: var(--base-3);\">ECOSIA (Belgium)<br><\/span><span style=\"color: var( --e-global-color-text ); font-family: var( --e-global-typography-text-font-family ), Sans-serif; font-weight: var( --e-global-typography-text-font-weight ); text-align: var(--text-align); background-color: var(--base-3);\">Ecoswim \u2013 Poli-USP (Brazil)<br><\/span><span style=\"color: var( --e-global-color-text ); font-family: var( --e-global-typography-text-font-family ), Sans-serif; font-weight: var( --e-global-typography-text-font-weight ); text-align: var(--text-align); background-color: var(--base-3);\">Editora MOL (Brazil)&nbsp;<br><\/span><span style=\"color: var( --e-global-color-text ); font-family: var( --e-global-typography-text-font-family ), Sans-serif; font-weight: var( --e-global-typography-text-font-weight ); text-align: var(--text-align); background-color: var(--base-3);\">EDP \u2013 Energias do Brasil (Brazil)&nbsp;<br><\/span><span style=\"color: var( --e-global-color-text ); font-family: var( --e-global-typography-text-font-family ), Sans-serif; font-weight: var( --e-global-typography-text-font-weight ); text-align: var(--text-align); background-color: var(--base-3);\">ELTI \u2013 Environmental Leadership Training Initiative \/ Yale University (EUA)<br><\/span><span style=\"color: var( --e-global-color-text ); font-family: var( --e-global-typography-text-font-family ), Sans-serif; font-weight: var( --e-global-typography-text-font-weight ); text-align: var(--text-align); background-color: var(--base-3);\">Embrapa Pantanal (Brazil)<br><\/span><span style=\"color: var( --e-global-color-text ); font-family: var( --e-global-typography-text-font-family ), Sans-serif; font-weight: var( --e-global-typography-text-font-weight ); text-align: var(--text-align); background-color: var(--base-3);\">ENTREVIAS (Brazil)<br><\/span><span style=\"color: var( --e-global-color-text ); font-family: var( --e-global-typography-text-font-family ), Sans-serif; font-weight: var( --e-global-typography-text-font-weight ); text-align: var(--text-align); background-color: var(--base-3);\">Embira (Brazil)<br><\/span><span style=\"color: var( --e-global-color-text ); font-family: var( --e-global-typography-text-font-family ), Sans-serif; font-weight: var( --e-global-typography-text-font-weight ); text-align: var(--text-align); background-color: var(--base-3);\">European Association of Zoos &amp; Aquaria (EAZA) Tapir Taxon Advisory Group (TAG)<br><\/span><span style=\"color: var( --e-global-color-text ); font-family: var( --e-global-typography-text-font-family ), Sans-serif; font-weight: var( --e-global-typography-text-font-weight ); text-align: var(--text-align); background-color: var(--base-3);\">Everest Fundraising (Brazil)<br><\/span><span style=\"color: var( --e-global-color-text ); font-family: var( --e-global-typography-text-font-family ), Sans-serif; font-weight: var( --e-global-typography-text-font-weight ); text-align: var(--text-align); background-color: var(--base-3);\">Fazenda Rosanela, Teodoro Sampaio &#8211; S\u00e3o Paulo (Brazil)<br><\/span><span style=\"color: var( --e-global-color-text ); font-family: var( --e-global-typography-text-font-family ), Sans-serif; font-weight: var( --e-global-typography-text-font-weight ); text-align: var(--text-align); background-color: var(--base-3);\">Floresta Viva (Brazil)<br><\/span><span style=\"color: var( --e-global-color-text ); font-family: var( --e-global-typography-text-font-family ), Sans-serif; font-weight: var( --e-global-typography-text-font-weight ); text-align: var(--text-align); background-color: var(--base-3);\">Florida University (EUA)<br><\/span><span style=\"color: var( --e-global-color-text ); font-family: var( --e-global-typography-text-font-family ), Sans-serif; font-weight: var( --e-global-typography-text-font-weight ); text-align: var(--text-align); background-color: var(--base-3);\">Fondation Segr\u00e9 (Switzerland)<br><\/span><span style=\"color: var( --e-global-color-text ); font-family: var( --e-global-typography-text-font-family ), Sans-serif; font-weight: var( --e-global-typography-text-font-weight ); text-align: var(--text-align); background-color: var(--base-3);\">Free Helper (Brazil)<br><\/span><span style=\"color: var( --e-global-color-text ); font-family: var( --e-global-typography-text-font-family ), Sans-serif; font-weight: var( --e-global-typography-text-font-weight ); text-align: var(--text-align); background-color: var(--base-3);\">Funda\u00e7\u00e3o de Estudos Agr\u00e1rios Luiz de Queiroz \/ FEALQ (Brazil)<br><\/span><span style=\"color: var( --e-global-color-text ); font-family: var( --e-global-typography-text-font-family ), Sans-serif; font-weight: var( --e-global-typography-text-font-weight ); text-align: var(--text-align); background-color: var(--base-3);\">Funda\u00e7\u00e3o Florestal (Brazil)<br><\/span><span style=\"color: var( --e-global-color-text ); font-family: var( --e-global-typography-text-font-family ), Sans-serif; font-weight: var( --e-global-typography-text-font-weight ); text-align: var(--text-align); background-color: var(--base-3);\">Funda\u00e7\u00e3o Get\u00falio Vargas (Brazil)<br><\/span><span style=\"color: var( --e-global-color-text ); font-family: var( --e-global-typography-text-font-family ), Sans-serif; font-weight: var( --e-global-typography-text-font-weight ); text-align: var(--text-align); background-color: var(--base-3);\">Funda\u00e7\u00e3o ITESP (Brazil)<br><\/span><span style=\"color: var( --e-global-color-text ); font-family: var( --e-global-typography-text-font-family ), Sans-serif; font-weight: var( --e-global-typography-text-font-weight ); text-align: var(--text-align); background-color: var(--base-3);\">Funda\u00e7\u00e3o Renova (Brazil)<br><\/span><span style=\"color: var( --e-global-color-text ); font-family: var( --e-global-typography-text-font-family ), Sans-serif; font-weight: var( --e-global-typography-text-font-weight ); text-align: var(--text-align); background-color: var(--base-3);\">Funda\u00e7\u00e3o Vit\u00f3ria Amaz\u00f4nica \u2013 FVA (Brazil)<br><\/span><span style=\"color: var( --e-global-color-text ); font-family: var( --e-global-typography-text-font-family ), Sans-serif; font-weight: var( --e-global-typography-text-font-weight ); text-align: var(--text-align); background-color: var(--base-3);\">Future for Nature Foundation (Netherlands)<br><\/span><span style=\"color: var( --e-global-color-text ); font-family: var( --e-global-typography-text-font-family ), Sans-serif; font-weight: var( --e-global-typography-text-font-weight ); text-align: var(--text-align); background-color: var(--base-3);\">Grupo Martins (Brazil)<br><\/span><span style=\"color: var( --e-global-color-text ); font-family: var( --e-global-typography-text-font-family ), Sans-serif; font-weight: var( --e-global-typography-text-font-weight ); text-align: var(--text-align); background-color: var(--base-3);\">Grupo Soma \/ FARM (Brazil)<br><\/span><span style=\"color: var( --e-global-color-text ); font-family: var( --e-global-typography-text-font-family ), Sans-serif; font-weight: var( --e-global-typography-text-font-weight ); text-align: var(--text-align); background-color: var(--base-3);\">HMA Solu\u00e7\u00f5es Ambientais Ltda \u2013 Energia Sul \u2013 Sudeste \u2013 Distribuidora de Energia (Programa Nascentes SP)<br><\/span><span style=\"color: var( --e-global-color-text ); font-family: var( --e-global-typography-text-font-family ), Sans-serif; font-weight: var( --e-global-typography-text-font-weight ); text-align: var(--text-align); background-color: var(--base-3);\">Hotel Fazenda Ba\u00eda das Pedras, Pantanal (Brazil)<br><\/span><span style=\"color: var( --e-global-color-text ); font-family: var( --e-global-typography-text-font-family ), Sans-serif; font-weight: var( --e-global-typography-text-font-weight ); text-align: var(--text-align); background-color: var(--base-3);\">Houston Zoo (EUA)<br><\/span><span style=\"color: var( --e-global-color-text ); font-family: var( --e-global-typography-text-font-family ), Sans-serif; font-weight: var( --e-global-typography-text-font-weight ); text-align: var(--text-align); background-color: var(--base-3);\">Iberia Industrial e Comercial Ltda (Programa Nascentes SP)<br><\/span><span style=\"color: var( --e-global-color-text ); font-family: var( --e-global-typography-text-font-family ), Sans-serif; font-weight: var( --e-global-typography-text-font-weight ); text-align: var(--text-align); background-color: var(--base-3);\">Idea Wild (EUA)<br><\/span><span style=\"color: var( --e-global-color-text ); font-family: var( --e-global-typography-text-font-family ), Sans-serif; font-weight: var( --e-global-typography-text-font-weight ); text-align: var(--text-align); background-color: var(--base-3);\">IEP\u00c9 &#8211; Instituto de Pesquisa e Forma\u00e7\u00e3o Ind\u00edgena (Brazil)<br><\/span><span style=\"color: var( --e-global-color-text ); font-family: var( --e-global-typography-text-font-family ), Sans-serif; font-weight: var( --e-global-typography-text-font-weight ); text-align: var(--text-align); background-color: var(--base-3);\">IMAZON &#8211; Instituto do Homem e Meio Ambiente da Amaz\u00f4nia (Brazil)<br><\/span><span style=\"color: var( --e-global-color-text ); font-family: var( --e-global-typography-text-font-family ), Sans-serif; font-weight: var( --e-global-typography-text-font-weight ); text-align: var(--text-align); background-color: var(--base-3);\">Instituto Alair Martins I IAMAR (Brazil)<br><\/span><span style=\"color: var( --e-global-color-text ); font-family: var( --e-global-typography-text-font-family ), Sans-serif; font-weight: var( --e-global-typography-text-font-weight ); text-align: var(--text-align); background-color: var(--base-3);\">Instituto Arapya\u00fa (Brazil)<br><\/span><span style=\"color: var( --e-global-color-text ); font-family: var( --e-global-typography-text-font-family ), Sans-serif; font-weight: var( --e-global-typography-text-font-weight ); text-align: var(--text-align); background-color: var(--base-3);\">Instituto Arredondar (Brazil)<br><\/span><span style=\"color: var( --e-global-color-text ); font-family: var( --e-global-typography-text-font-family ), Sans-serif; font-weight: var( --e-global-typography-text-font-weight ); text-align: var(--text-align); background-color: var(--base-3);\">Instituto Brasileiro do Meio Ambiente e dos Recursos Naturais Renov\u00e1veis\/Ibama (Brazil)<br><\/span><span style=\"color: var( --e-global-color-text ); font-family: var( --e-global-typography-text-font-family ), Sans-serif; font-weight: var( --e-global-typography-text-font-weight ); text-align: var(--text-align); background-color: var(--base-3);\">Instituto Chico Mendes de Conserva\u00e7\u00e3o da Biodiversidade \/ ICMBio (Brazil)<br><\/span><span style=\"color: var( --e-global-color-text ); font-family: var( --e-global-typography-text-font-family ), Sans-serif; font-weight: var( --e-global-typography-text-font-weight ); text-align: var(--text-align); background-color: var(--base-3);\">Instituto Chico Mendes de Conserva\u00e7\u00e3o da Biodiversidade \/ ICMBio NGI Caraj\u00e1s (Brazil)<br><\/span><span style=\"color: var( --e-global-color-text ); font-family: var( --e-global-typography-text-font-family ), Sans-serif; font-weight: var( --e-global-typography-text-font-weight ); text-align: var(--text-align); background-color: var(--base-3);\">Instituto Chico Mendes de Conserva\u00e7\u00e3o da Biodiversidade \/ ICMBio Paulo Afonso (Brazil)<br><\/span><span style=\"color: var( --e-global-color-text ); font-family: var( --e-global-typography-text-font-family ), Sans-serif; font-weight: var( --e-global-typography-text-font-weight ); text-align: var(--text-align); background-color: var(--base-3);\">Instituto de Conserva\u00e7\u00e3o de Animais Silvestres \/ ICAS (Brazil)<br><\/span><span style=\"color: var( --e-global-color-text ); font-family: var( --e-global-typography-text-font-family ), Sans-serif; font-weight: var( --e-global-typography-text-font-weight ); text-align: var(--text-align); background-color: var(--base-3);\">Instituto de Conserva\u00e7\u00e3o e Desenvolvimento Sustent\u00e1vel da Amaz\u00f4nia \/ IDESAM (Brazil)<br><\/span><span style=\"color: var( --e-global-color-text ); font-family: var( --e-global-typography-text-font-family ), Sans-serif; font-weight: var( --e-global-typography-text-font-weight ); text-align: var(--text-align); background-color: var(--base-3);\">Instituto de Pesquisa Ambiental da Amaz\u00f4nia \/ IPAM (Brazil)<br><\/span><span style=\"color: var( --e-global-color-text ); font-family: var( --e-global-typography-text-font-family ), Sans-serif; font-weight: var( --e-global-typography-text-font-weight ); text-align: var(--text-align); background-color: var(--base-3);\">Instituto Fotoss\u00edntese (Brazill)<br><\/span><span style=\"color: var( --e-global-color-text ); font-family: var( --e-global-typography-text-font-family ), Sans-serif; font-weight: var( --e-global-typography-text-font-weight ); text-align: var(--text-align); background-color: var(--base-3);\">Instituto Internacional de Educa\u00e7\u00e3o do Brasil \/ IEB (Brazil)<br><\/span><span style=\"color: var( --e-global-color-text ); font-family: var( --e-global-typography-text-font-family ), Sans-serif; font-weight: var( --e-global-typography-text-font-weight ); text-align: var(--text-align); background-color: var(--base-3);\">Instituto Kabu (Brazil)<br><\/span><span style=\"color: var( --e-global-color-text ); font-family: var( --e-global-typography-text-font-family ), Sans-serif; font-weight: var( --e-global-typography-text-font-weight ); text-align: var(--text-align); background-color: var(--base-3);\">Instituto Mapinguari (Brazil)<br><\/span><span style=\"color: var( --e-global-color-text ); font-family: var( --e-global-typography-text-font-family ), Sans-serif; font-weight: var( --e-global-typography-text-font-weight ); text-align: var(--text-align); background-color: var(--base-3);\">Instituto Nacional de Coloniza\u00e7\u00e3o e Reforma Agr\u00e1ria \/ INCRA (Brazil)<br><\/span><span style=\"color: var( --e-global-color-text ); font-family: var( --e-global-typography-text-font-family ), Sans-serif; font-weight: var( --e-global-typography-text-font-weight ); text-align: var(--text-align); background-color: var(--base-3);\">Instituto Socioambiental \/ ISA (Brazil)<br><\/span><span style=\"color: var( --e-global-color-text ); font-family: var( --e-global-typography-text-font-family ), Sans-serif; font-weight: var( --e-global-typography-text-font-weight ); text-align: var(--text-align); background-color: var(--base-3);\">IUCN SSC Conservation Planning Specialist Group Brasil \/ CPSG<br><\/span><span style=\"color: var( --e-global-color-text ); font-family: var( --e-global-typography-text-font-family ), Sans-serif; font-weight: var( --e-global-typography-text-font-weight ); text-align: var(--text-align); background-color: var(--base-3);\">IUCN SSC Tapir Specialist Group \/ TSG<br><\/span><span style=\"color: var( --e-global-color-text ); font-family: var( --e-global-typography-text-font-family ), Sans-serif; font-weight: var( --e-global-typography-text-font-weight ); text-align: var(--text-align); background-color: var(--base-3);\">IUCN SSC Primate Specialist Group \/ PSG<br><\/span><span style=\"color: var( --e-global-color-text ); font-family: var( --e-global-typography-text-font-family ), Sans-serif; font-weight: var( --e-global-typography-text-font-weight ); text-align: var(--text-align); background-color: var(--base-3);\">Laborat\u00f3rio de Primatologia (LaP) \u2013 Universidade Estadual Paulista&nbsp; \/UNESP &#8211; Rio Claro (Brazil)<br><\/span><span style=\"color: var( --e-global-color-text ); font-family: var( --e-global-typography-text-font-family ), Sans-serif; font-weight: var( --e-global-typography-text-font-weight ); text-align: var(--text-align); background-color: var(--base-3);\">Laborat\u00f3rio de Movimenta\u00e7\u00e3o Animal (Swansea Lab for Animal Movement) \u2013 Universidade de Swansea (<\/span><span style=\"text-align: var(--text-align); background-color: var(--base-3);\">United Kingdom<\/span><span style=\"background-color: var(--base-3); color: var( --e-global-color-text ); font-family: var( --e-global-typography-text-font-family ), Sans-serif; font-weight: var( --e-global-typography-text-font-weight ); text-align: var(--text-align);\">)<br><\/span><span style=\"background-color: var(--base-3); color: var( --e-global-color-text ); font-family: var( --e-global-typography-text-font-family ), Sans-serif; font-weight: var( --e-global-typography-text-font-weight ); text-align: var(--text-align);\">Laborat\u00f3rio de Biodiversidade Molecular e Conserva\u00e7\u00e3o (LabBMC) \u2013 Universidade Federal de S\u00e3o Carlos \/ UFSCar &#8211; S\u00e3o Carlos (Brazil)<br><\/span><span style=\"background-color: var(--base-3); color: var( --e-global-color-text ); font-family: var( --e-global-typography-text-font-family ), Sans-serif; font-weight: var( --e-global-typography-text-font-weight ); text-align: var(--text-align);\">Laborat\u00f3rio Renato Arruda, Campo Grande, Mato Grosso do Sul (Brazil)<br><\/span><span style=\"background-color: var(--base-3); color: var( --e-global-color-text ); font-family: var( --e-global-typography-text-font-family ), Sans-serif; font-weight: var( --e-global-typography-text-font-weight ); text-align: var(--text-align);\">LinkedIn<br><\/span><span style=\"background-color: var(--base-3); color: var( --e-global-color-text ); font-family: var( --e-global-typography-text-font-family ), Sans-serif; font-weight: var( --e-global-typography-text-font-weight ); text-align: var(--text-align);\">Livelihoods Fund for Family Farming (Europe)<br><\/span><span style=\"background-color: var(--base-3); color: var( --e-global-color-text ); font-family: var( --e-global-typography-text-font-family ), Sans-serif; font-weight: var( --e-global-typography-text-font-weight ); text-align: var(--text-align);\">Liberty Seguros<br><\/span><span style=\"background-color: var(--base-3); color: var( --e-global-color-text ); font-family: var( --e-global-typography-text-font-family ), Sans-serif; font-weight: var( --e-global-typography-text-font-weight ); text-align: var(--text-align);\">Mercado Pago<br><\/span><span style=\"background-color: var(--base-3); color: var( --e-global-color-text ); font-family: var( --e-global-typography-text-font-family ), Sans-serif; font-weight: var( --e-global-typography-text-font-weight ); text-align: var(--text-align);\">Minist\u00e9rio do Meio Ambiente e Mudan\u00e7a do Clima (Brazil)<br><\/span><span style=\"background-color: var(--base-3); color: var( --e-global-color-text ); font-family: var( --e-global-typography-text-font-family ), Sans-serif; font-weight: var( --e-global-typography-text-font-weight ); text-align: var(--text-align);\">Minist\u00e9rio P\u00fablico do Mato Grosso do Sul (Brazil)<br><\/span><span style=\"background-color: var(--base-3); color: var( --e-global-color-text ); font-family: var( --e-global-typography-text-font-family ), Sans-serif; font-weight: var( --e-global-typography-text-font-weight ); text-align: var(--text-align);\">Moovies Produtora (Brazil)<br><\/span><span style=\"background-color: var(--base-3); color: var( --e-global-color-text ); font-family: var( --e-global-typography-text-font-family ), Sans-serif; font-weight: var( --e-global-typography-text-font-weight ); text-align: var(--text-align);\">National Geographic Society (USA)<br><\/span><span style=\"background-color: var(--base-3); color: var( --e-global-color-text ); font-family: var( --e-global-typography-text-font-family ), Sans-serif; font-weight: var( --e-global-typography-text-font-weight ); text-align: var(--text-align);\">Nova Alcantara Andradina\/SP Empreendimentos Imobili\u00e1rios SP Ltda (Programa Nascentes SP)<br><\/span><span style=\"background-color: var(--base-3); color: var( --e-global-color-text ); font-family: var( --e-global-typography-text-font-family ), Sans-serif; font-weight: var( --e-global-typography-text-font-weight ); text-align: var(--text-align);\">N\u00facleo de Estudos em&nbsp; Agroecologia&nbsp; e&nbsp; Produ\u00e7\u00e3o Org\u00e2nica Pau-Brasil \u2013 NEA Pau-Brasil<br><\/span><span style=\"background-color: var(--base-3); color: var( --e-global-color-text ); font-family: var( --e-global-typography-text-font-family ), Sans-serif; font-weight: var( --e-global-typography-text-font-weight ); text-align: var(--text-align);\">N\u00facleo de Gest\u00e3o Integrada (NGI) ICMBIO Breves (Brazil)<br><\/span><span style=\"background-color: var(--base-3); color: var( --e-global-color-text ); font-family: var( --e-global-typography-text-font-family ), Sans-serif; font-weight: var( --e-global-typography-text-font-weight ); text-align: var(--text-align);\">Organiza\u00e7\u00e3o das Associa\u00e7\u00f5es da Reserva Extrativista Tapaj\u00f3s-Arapiuns \/ Tapajoara (Brasil)<br><\/span><span style=\"background-color: var(--base-3); color: var( --e-global-color-text ); font-family: var( --e-global-typography-text-font-family ), Sans-serif; font-weight: var( --e-global-typography-text-font-weight ); text-align: var(--text-align);\">One Tree Planted \u2013 OTP (EUA)<br><\/span><span style=\"background-color: var(--base-3); color: var( --e-global-color-text ); font-family: var( --e-global-typography-text-font-family ), Sans-serif; font-weight: var( --e-global-typography-text-font-weight ); text-align: var(--text-align);\">O P\u00f3len<br><\/span><span style=\"background-color: var(--base-3); color: var( --e-global-color-text ); font-family: var( --e-global-typography-text-font-family ), Sans-serif; font-weight: var( --e-global-typography-text-font-weight ); text-align: var(--text-align);\">Panrotas<br><\/span><span style=\"background-color: var(--base-3); color: var( --e-global-color-text ); font-family: var( --e-global-typography-text-font-family ), Sans-serif; font-weight: var( --e-global-typography-text-font-weight ); text-align: var(--text-align);\">Parque Estadual Morro do Diabo, SP (Brazil)<br><\/span><span style=\"background-color: var(--base-3); color: var( --e-global-color-text ); font-family: var( --e-global-typography-text-font-family ), Sans-serif; font-weight: var( --e-global-typography-text-font-weight ); text-align: var(--text-align);\">Pauma e BR Terrenos Empreendimento Imobili\u00e1rio SPE Ltda (Programa Nascentes SP)<br><\/span><span style=\"background-color: var(--base-3); color: var( --e-global-color-text ); font-family: var( --e-global-typography-text-font-family ), Sans-serif; font-weight: var( --e-global-typography-text-font-weight ); text-align: var(--text-align);\">Plant for the Planet<br><\/span><span style=\"background-color: var(--base-3); color: var( --e-global-color-text ); font-family: var( --e-global-typography-text-font-family ), Sans-serif; font-weight: var( --e-global-typography-text-font-weight ); text-align: var(--text-align);\">Prefeitura de Euclides da Cunha Paulista, SP (Brazil)<br><\/span><span style=\"background-color: var(--base-3); color: var( --e-global-color-text ); font-family: var( --e-global-typography-text-font-family ), Sans-serif; font-weight: var( --e-global-typography-text-font-weight ); text-align: var(--text-align);\">Prefeitura Municipal de Mirante do Paranapanema, SP (Brazil)<br><\/span><span style=\"background-color: var(--base-3); color: var( --e-global-color-text ); font-family: var( --e-global-typography-text-font-family ), Sans-serif; font-weight: var( --e-global-typography-text-font-weight ); text-align: var(--text-align);\">Prefeitura Municipal Teodoro Sampaio, SP (Brazil)<br><\/span><span style=\"background-color: var(--base-3); color: var( --e-global-color-text ); font-family: var( --e-global-typography-text-font-family ), Sans-serif; font-weight: var( --e-global-typography-text-font-weight ); text-align: var(--text-align);\">ProBUC &#8211; Secretaria de Estado de Meio Ambiente do Amazonas (Brazil)<br><\/span><span style=\"background-color: var(--base-3); color: var( --e-global-color-text ); font-family: var( --e-global-typography-text-font-family ), Sans-serif; font-weight: var( --e-global-typography-text-font-weight ); text-align: var(--text-align);\">Programa \u00c1reas Protegidas da Amaz\u00f4nia (ARPA)\/MMA (Brazil)<br><\/span><span style=\"background-color: var(--base-3); color: var( --e-global-color-text ); font-family: var( --e-global-typography-text-font-family ), Sans-serif; font-weight: var( --e-global-typography-text-font-weight ); text-align: var(--text-align);\">Programa Nascentes (Brazil)<br><\/span><span style=\"background-color: var(--base-3); color: var( --e-global-color-text ); font-family: var( --e-global-typography-text-font-family ), Sans-serif; font-weight: var( --e-global-typography-text-font-weight ); text-align: var(--text-align);\">WCS (Brazil)<br><\/span><span style=\"background-color: var(--base-3); color: var( --e-global-color-text ); font-family: var( --e-global-typography-text-font-family ), Sans-serif; font-weight: var( --e-global-typography-text-font-weight ); text-align: var(--text-align);\">RD \u2013 RaiaDrogasil<br><\/span><span style=\"background-color: var(--base-3); color: var( --e-global-color-text ); font-family: var( --e-global-typography-text-font-family ), Sans-serif; font-weight: var( --e-global-typography-text-font-weight ); text-align: var(--text-align);\">Rede de Monitoramento Territorial Independente \u2013 FGVCes (Brazil)<br><\/span><span style=\"background-color: var(--base-3); color: var( --e-global-color-text ); font-family: var( --e-global-typography-text-font-family ), Sans-serif; font-weight: var( --e-global-typography-text-font-weight ); text-align: var(--text-align);\">Renato Le\u00e3o Cavalcanti \u2013 Fazenda Bras\u00edlia (Programa Nascentes SP)<br><\/span><span style=\"background-color: var(--base-3); color: var( --e-global-color-text ); font-family: var( --e-global-typography-text-font-family ), Sans-serif; font-weight: var( --e-global-typography-text-font-weight ); text-align: var(--text-align);\">Reserva de Desenvolvimento Sustent\u00e1vel Puranga Conquista (APCT RDS Puranga Conquista) (Brazil)<br><\/span><span style=\"background-color: var(--base-3); color: var( --e-global-color-text ); font-family: var( --e-global-typography-text-font-family ), Sans-serif; font-weight: var( --e-global-typography-text-font-weight ); text-align: var(--text-align);\">Residencial Arauc\u00e1ria Garden Empreendimento Imobili\u00e1rio SPE Ltda (Programa Nascentes SP)<br><\/span><span style=\"background-color: var(--base-3); color: var( --e-global-color-text ); font-family: var( --e-global-typography-text-font-family ), Sans-serif; font-weight: var( --e-global-typography-text-font-weight ); text-align: var(--text-align);\">SEBRAE \/ Ecoaba (Brazil)<br><\/span><span style=\"background-color: var(--base-3); color: var( --e-global-color-text ); font-family: var( --e-global-typography-text-font-family ), Sans-serif; font-weight: var( --e-global-typography-text-font-weight ); text-align: var(--text-align);\">Secretaria de Estado do Desenvolvimento Ambiental\/SEDAM-RO (Brazil)<br><\/span><span style=\"background-color: var(--base-3); color: var( --e-global-color-text ); font-family: var( --e-global-typography-text-font-family ), Sans-serif; font-weight: var( --e-global-typography-text-font-weight ); text-align: var(--text-align);\">Secretaria de Estado do Desenvolvimento Ambiental\/SEMA-AM (Brazil)<br><\/span><span style=\"background-color: var(--base-3); color: var( --e-global-color-text ); font-family: var( --e-global-typography-text-font-family ), Sans-serif; font-weight: var( --e-global-typography-text-font-weight ); text-align: var(--text-align);\">Secretaria de Infraestrutura e Meio Ambiente de S\u00e3o Paulo &#8211; SIMA\/SP (Brazil)<br><\/span><span style=\"background-color: var(--base-3); color: var( --e-global-color-text ); font-family: var( --e-global-typography-text-font-family ), Sans-serif; font-weight: var( --e-global-typography-text-font-weight ); text-align: var(--text-align);\">Serpentina Bikini (Brazil)<br><\/span><span style=\"background-color: var(--base-3); color: var( --e-global-color-text ); font-family: var( --e-global-typography-text-font-family ), Sans-serif; font-weight: var( --e-global-typography-text-font-weight ); text-align: var(--text-align);\">Servi\u00e7o Florestal Brasileiro<br><\/span><span style=\"background-color: var(--base-3); color: var( --e-global-color-text ); font-family: var( --e-global-typography-text-font-family ), Sans-serif; font-weight: var( --e-global-typography-text-font-weight ); text-align: var(--text-align);\">Smithsonian<br><\/span><span style=\"background-color: var(--base-3); color: var( --e-global-color-text ); font-family: var( --e-global-typography-text-font-family ), Sans-serif; font-weight: var( --e-global-typography-text-font-weight ); text-align: var(--text-align);\">Sobre \u2013 Sociedade Brasileira de Restaura\u00e7\u00e3o Ecol\u00f3gica (Brazil)<br><\/span><span style=\"background-color: var(--base-3); color: var( --e-global-color-text ); font-family: var( --e-global-typography-text-font-family ), Sans-serif; font-weight: var( --e-global-typography-text-font-weight ); text-align: var(--text-align);\">Tree Nation<br><\/span><span style=\"background-color: var(--base-3); color: var( --e-global-color-text ); font-family: var( --e-global-typography-text-font-family ), Sans-serif; font-weight: var( --e-global-typography-text-font-weight ); text-align: var(--text-align);\">TopTrends<br><\/span><span style=\"background-color: var(--base-3); color: var( --e-global-color-text ); font-family: var( --e-global-typography-text-font-family ), Sans-serif; font-weight: var( --e-global-typography-text-font-weight ); text-align: var(--text-align);\">Tribanco &#8211; Tricard (Brazil)<br><\/span><span style=\"background-color: var(--base-3); color: var( --e-global-color-text ); font-family: var( --e-global-typography-text-font-family ), Sans-serif; font-weight: var( --e-global-typography-text-font-weight ); text-align: var(--text-align);\">Truss Professional (Brazil)<br><\/span><span style=\"background-color: var(--base-3); color: var( --e-global-color-text ); font-family: var( --e-global-typography-text-font-family ), Sans-serif; font-weight: var( --e-global-typography-text-font-weight ); text-align: var(--text-align);\">Uni\u00e3o Qu\u00edmica (Brazil)<br><\/span><span style=\"background-color: var(--base-3); color: var( --e-global-color-text ); font-family: var( --e-global-typography-text-font-family ), Sans-serif; font-weight: var( --e-global-typography-text-font-weight ); text-align: var(--text-align);\">United States Forest Service (EUA)<br><\/span><span style=\"background-color: var(--base-3); color: var( --e-global-color-text ); font-family: var( --e-global-typography-text-font-family ), Sans-serif; font-weight: var( --e-global-typography-text-font-weight ); text-align: var(--text-align);\">Universidade Federal de Lavras<br><\/span><span style=\"background-color: var(--base-3); color: var( --e-global-color-text ); font-family: var( --e-global-typography-text-font-family ), Sans-serif; font-weight: var( --e-global-typography-text-font-weight ); text-align: var(--text-align);\">Universidade Federal do&nbsp;Acre&nbsp;(Brazil)<br><\/span><span style=\"background-color: var(--base-3); color: var( --e-global-color-text ); font-family: var( --e-global-typography-text-font-family ), Sans-serif; font-weight: var( --e-global-typography-text-font-weight ); text-align: var(--text-align);\">Universidade Federal do Sul da Bahia (UFSB)<br><\/span><span style=\"background-color: var(--base-3); color: var( --e-global-color-text ); font-family: var( --e-global-typography-text-font-family ), Sans-serif; font-weight: var( --e-global-typography-text-font-weight ); text-align: var(--text-align);\">Universidade Federal Rural do Semi\u00e1rido (UFERSA), Mossor\u00f3, Rio Grande do Norte (Brazil)<br><\/span><span style=\"background-color: var(--base-3); color: var( --e-global-color-text ); font-family: var( --e-global-typography-text-font-family ), Sans-serif; font-weight: var( --e-global-typography-text-font-weight ); text-align: var(--text-align);\">Universidade Santo Amaro (UNISA), S\u00e3o Paulo (Brazil)<br><\/span><span style=\"background-color: var(--base-3); color: var( --e-global-color-text ); font-family: var( --e-global-typography-text-font-family ), Sans-serif; font-weight: var( --e-global-typography-text-font-weight ); text-align: var(--text-align);\">University College of London (UCL) (<\/span><span style=\"text-align: var(--text-align); background-color: var(--base-3);\">United Kingdom<\/span><span style=\"background-color: var(--base-3); color: var( --e-global-color-text ); font-family: var( --e-global-typography-text-font-family ), Sans-serif; font-weight: var( --e-global-typography-text-font-weight ); text-align: var(--text-align);\">)<br><\/span><span style=\"background-color: var(--base-3); color: var( --e-global-color-text ); font-family: var( --e-global-typography-text-font-family ), Sans-serif; font-weight: var( --e-global-typography-text-font-weight ); text-align: var(--text-align);\">University of Colorado Boulder (EUA)<br><\/span><span style=\"background-color: var(--base-3); color: var( --e-global-color-text ); font-family: var( --e-global-typography-text-font-family ), Sans-serif; font-weight: var( --e-global-typography-text-font-weight ); text-align: var(--text-align);\">UmGrau e Meio (Brazil)<br><\/span><span style=\"background-color: var(--base-3); color: var( --e-global-color-text ); font-family: var( --e-global-typography-text-font-family ), Sans-serif; font-weight: var( --e-global-typography-text-font-weight ); text-align: var(--text-align);\">Veirano Advogados (Brazil)<br><\/span><span style=\"background-color: var(--base-3); color: var( --e-global-color-text ); font-family: var( --e-global-typography-text-font-family ), Sans-serif; font-weight: var( --e-global-typography-text-font-weight ); text-align: var(--text-align);\">Veracel Celulose (Brazil)<br><\/span><span style=\"background-color: var(--base-3); color: var( --e-global-color-text ); font-family: var( --e-global-typography-text-font-family ), Sans-serif; font-weight: var( --e-global-typography-text-font-weight ); text-align: var(--text-align);\">ViaFauna Consultoria Ambiental (Brazil)<br><\/span><span style=\"background-color: var(--base-3); color: var( --e-global-color-text ); font-family: var( --e-global-typography-text-font-family ), Sans-serif; font-weight: var( --e-global-typography-text-font-weight ); text-align: var(--text-align);\">WeForest (Belgium)<br><\/span><span style=\"background-color: var(--base-3); color: var( --e-global-color-text ); font-family: var( --e-global-typography-text-font-family ), Sans-serif; font-weight: var( --e-global-typography-text-font-weight ); text-align: var(--text-align);\">Whitley Fund for Nature &#8211; WFN (<\/span>United Kingdom<span style=\"background-color: var(--base-3); color: var( --e-global-color-text ); font-family: var( --e-global-typography-text-font-family ), Sans-serif; font-weight: var( --e-global-typography-text-font-weight ); text-align: var(--text-align);\">)<br><\/span><span style=\"background-color: var(--base-3); color: var( --e-global-color-text ); font-family: var( --e-global-typography-text-font-family ), Sans-serif; font-weight: var( --e-global-typography-text-font-weight ); text-align: var(--text-align);\">World Wildlife Fund\u2013 Education for Nature Program (EUA)<br><\/span><span style=\"background-color: var(--base-3); color: var( --e-global-color-text ); font-family: var( --e-global-typography-text-font-family ), Sans-serif; font-weight: var( --e-global-typography-text-font-weight ); text-align: var(--text-align);\">Wildlife Conservation Network \u2013 WCN (EUA)<\/span><\/p>\n<p><\/p>\n<p><strong>FINANCIAL SUPPORTERS<\/strong><\/p>\n<p><span style=\"color: var( --e-global-color-text ); font-family: var( --e-global-typography-text-font-family ), Sans-serif; font-weight: var( --e-global-typography-text-font-weight ); text-align: var(--text-align); background-color: var(--base-3);\">Akron Zoo Chapter of American Association of Zookeepers (EUA)<br><\/span><span style=\"color: var( --e-global-color-text ); font-family: var( --e-global-typography-text-font-family ), Sans-serif; font-weight: var( --e-global-typography-text-font-weight ); text-align: var(--text-align); background-color: var(--base-3);\">American Association of Zookeepers (AAZK) (EUA)<br><\/span><span style=\"color: var( --e-global-color-text ); font-family: var( --e-global-typography-text-font-family ), Sans-serif; font-weight: var( --e-global-typography-text-font-weight ); text-align: var(--text-align); background-color: var(--base-3);\">Association Beauval Conservation et Recherche (France)<br><\/span><span style=\"color: var( --e-global-color-text ); font-family: var( --e-global-typography-text-font-family ), Sans-serif; font-weight: var( --e-global-typography-text-font-weight ); text-align: var(--text-align); background-color: var(--base-3);\">Association Fran\u00e7aise des Parcs Zoologiques (France)<br><\/span><span style=\"color: var( --e-global-color-text ); font-family: var( --e-global-typography-text-font-family ), Sans-serif; font-weight: var( --e-global-typography-text-font-weight ); text-align: var(--text-align); background-color: var(--base-3);\">Atvos (Brazil)<br><\/span><span style=\"color: var( --e-global-color-text ); font-family: var( --e-global-typography-text-font-family ), Sans-serif; font-weight: var( --e-global-typography-text-font-weight ); text-align: var(--text-align); background-color: var(--base-3);\">AWS Amazon (EUA)<br><\/span><span style=\"color: var( --e-global-color-text ); font-family: var( --e-global-typography-text-font-family ), Sans-serif; font-weight: var( --e-global-typography-text-font-weight ); text-align: var(--text-align); background-color: var(--base-3);\">Banco Nacional de Desenvolvimento Econ\u00f4mico e Social &#8211; BNDES\/Fundo Amaz\u00f4nia (Brazil)<br><\/span><span style=\"color: var( --e-global-color-text ); font-family: var( --e-global-typography-text-font-family ), Sans-serif; font-weight: var( --e-global-typography-text-font-weight ); text-align: var(--text-align); background-color: var(--base-3);\">Bergen County Zoo (EUA)<br><\/span><span style=\"color: var( --e-global-color-text ); font-family: var( --e-global-typography-text-font-family ), Sans-serif; font-weight: var( --e-global-typography-text-font-weight ); text-align: var(--text-align); background-color: var(--base-3);\">Brevard Zoo Conservation Fund (EUA)<br><\/span><span style=\"color: var( --e-global-color-text ); font-family: var( --e-global-typography-text-font-family ), Sans-serif; font-weight: var( --e-global-typography-text-font-weight ); text-align: var(--text-align); background-color: var(--base-3);\">Chester Zoo, North of England Zoological Society (England)<br><\/span><span style=\"color: var( --e-global-color-text ); font-family: var( --e-global-typography-text-font-family ), Sans-serif; font-weight: var( --e-global-typography-text-font-weight ); text-align: var(--text-align); background-color: var(--base-3);\">China Three Gorges Corporation &#8211; CTG Brasil (Brazil)<br><\/span><span style=\"color: var( --e-global-color-text ); font-family: var( --e-global-typography-text-font-family ), Sans-serif; font-weight: var( --e-global-typography-text-font-weight ); text-align: var(--text-align); background-color: var(--base-3);\">Concession\u00e1ria Auto Raposo Tavares \u2013 CART (Brazil)<br><\/span><span style=\"color: var( --e-global-color-text ); font-family: var( --e-global-typography-text-font-family ), Sans-serif; font-weight: var( --e-global-typography-text-font-weight ); text-align: var(--text-align); background-color: var(--base-3);\">Conselho Nacional de Desenvolvimento Cient\u00edfico e Tecnol\u00f3gico \/CNPq (Brazil)<br><\/span><span style=\"color: var( --e-global-color-text ); font-family: var( --e-global-typography-text-font-family ), Sans-serif; font-weight: var( --e-global-typography-text-font-weight ); text-align: var(--text-align); background-color: var(--base-3);\">Disney Conservation Fund (EUA)<br><\/span><span style=\"color: var( --e-global-color-text ); font-family: var( --e-global-typography-text-font-family ), Sans-serif; font-weight: var( --e-global-typography-text-font-weight ); text-align: var(--text-align); background-color: var(--base-3);\">Drayton Manor Park (England)<br><\/span><span style=\"color: var( --e-global-color-text ); font-family: var( --e-global-typography-text-font-family ), Sans-serif; font-weight: var( --e-global-typography-text-font-weight ); text-align: var(--text-align); background-color: var(--base-3);\">Durrell Wildlife Conservation Trust (England)<br><\/span><span style=\"color: var( --e-global-color-text ); font-family: var( --e-global-typography-text-font-family ), Sans-serif; font-weight: var( --e-global-typography-text-font-weight ); text-align: var(--text-align); background-color: var(--base-3);\">Ecosia (Belgium)<br><\/span><span style=\"color: var( --e-global-color-text ); font-family: var( --e-global-typography-text-font-family ), Sans-serif; font-weight: var( --e-global-typography-text-font-weight ); text-align: var(--text-align); background-color: var(--base-3);\">Elisabeth Giauque Trust (England)<br><\/span><span style=\"color: var( --e-global-color-text ); font-family: var( --e-global-typography-text-font-family ), Sans-serif; font-weight: var( --e-global-typography-text-font-weight ); text-align: var(--text-align); background-color: var(--base-3);\">ELTI \u2013 Environmental Leadership Training Initiative \/ Yale University (EUA)<br><\/span><span style=\"color: var( --e-global-color-text ); font-family: var( --e-global-typography-text-font-family ), Sans-serif; font-weight: var( --e-global-typography-text-font-weight ); text-align: var(--text-align); background-color: var(--base-3);\">Embaixada e Consulados dos Estados Unidos no Brasil<br><\/span><span style=\"color: var( --e-global-color-text ); font-family: var( --e-global-typography-text-font-family ), Sans-serif; font-weight: var( --e-global-typography-text-font-weight ); text-align: var(--text-align); background-color: var(--base-3);\">ENTREVIAS (Brazil)<br><\/span><span style=\"color: var( --e-global-color-text ); font-family: var( --e-global-typography-text-font-family ), Sans-serif; font-weight: var( --e-global-typography-text-font-weight ); text-align: var(--text-align); background-color: var(--base-3);\">FASB \u2013 Fundo Ambiental Sul Baiano (Brazil)<br><\/span><span style=\"background-color: var(--base-3); color: var( --e-global-color-text ); font-family: var( --e-global-typography-text-font-family ), Sans-serif; font-weight: var( --e-global-typography-text-font-weight ); text-align: var(--text-align);\">Fondation Le Pal Nature &#8211; Association Les Amis de la Lieu (France)<br><\/span><span style=\"color: var( --e-global-color-text ); font-family: var( --e-global-typography-text-font-family ), Sans-serif; font-weight: var( --e-global-typography-text-font-weight ); text-align: var(--text-align); background-color: var(--base-3);\">Fondation Segr\u00e9 (Switzerland)<br><\/span><span style=\"color: var( --e-global-color-text ); font-family: var( --e-global-typography-text-font-family ), Sans-serif; font-weight: var( --e-global-typography-text-font-weight ); text-align: var(--text-align); background-color: var(--base-3);\">Fondazione ARCA (Italy)<br><\/span><span style=\"color: var( --e-global-color-text ); font-family: var( --e-global-typography-text-font-family ), Sans-serif; font-weight: var( --e-global-typography-text-font-weight ); text-align: var(--text-align); background-color: var(--base-3);\">French Zoo Vet Association (France)<br><\/span><span style=\"color: var( --e-global-color-text ); font-family: var( --e-global-typography-text-font-family ), Sans-serif; font-weight: var( --e-global-typography-text-font-weight ); text-align: var(--text-align); background-color: var(--base-3);\">Fresno Chaffee Zoo (EUA)<br><\/span><span style=\"color: var( --e-global-color-text ); font-family: var( --e-global-typography-text-font-family ), Sans-serif; font-weight: var( --e-global-typography-text-font-weight ); text-align: var(--text-align); background-color: var(--base-3);\">Friends of Bergen County Zoo (EUA)<br><\/span><span style=\"color: var( --e-global-color-text ); font-family: var( --e-global-typography-text-font-family ), Sans-serif; font-weight: var( --e-global-typography-text-font-weight ); text-align: var(--text-align); background-color: var(--base-3);\">Funda\u00e7\u00e3o de Amparo \u00e0 Pesquisa do Estado de S\u00e3o Paulo (FAPESP)<br><\/span><span style=\"color: var( --e-global-color-text ); font-family: var( --e-global-typography-text-font-family ), Sans-serif; font-weight: var( --e-global-typography-text-font-weight ); text-align: var(--text-align); background-color: var(--base-3);\">Funda\u00e7\u00e3o Caterpillar \/ Caterpillar Foundation (Brazil)<br><\/span><span style=\"color: var( --e-global-color-text ); font-family: var( --e-global-typography-text-font-family ), Sans-serif; font-weight: var( --e-global-typography-text-font-weight ); text-align: var(--text-align); background-color: var(--base-3);\">Funda\u00e7\u00e3o Gordon &amp; Betty Moore (EUA)<br><\/span><span style=\"color: var( --e-global-color-text ); font-family: var( --e-global-typography-text-font-family ), Sans-serif; font-weight: var( --e-global-typography-text-font-weight ); text-align: var(--text-align); background-color: var(--base-3);\">Fundo Brasileiro para a Biodiversidade \/ FUNBIO (Brazil)<br><\/span><span style=\"color: var( --e-global-color-text ); font-family: var( --e-global-typography-text-font-family ), Sans-serif; font-weight: var( --e-global-typography-text-font-weight ); text-align: var(--text-align); background-color: var(--base-3);\">Givskud Zoo (Denmark)<br><\/span><span style=\"color: var( --e-global-color-text ); font-family: var( --e-global-typography-text-font-family ), Sans-serif; font-weight: var( --e-global-typography-text-font-weight ); text-align: var(--text-align); background-color: var(--base-3);\">Gresboro Science Center (EUA)<br><\/span><span style=\"color: var( --e-global-color-text ); font-family: var( --e-global-typography-text-font-family ), Sans-serif; font-weight: var( --e-global-typography-text-font-weight ); text-align: var(--text-align); background-color: var(--base-3);\">GO Forest<br><\/span><span style=\"color: var( --e-global-color-text ); font-family: var( --e-global-typography-text-font-family ), Sans-serif; font-weight: var( --e-global-typography-text-font-weight ); text-align: var(--text-align); background-color: var(--base-3);\">Houston Zoo (EUA)<br><\/span><span style=\"color: var( --e-global-color-text ); font-family: var( --e-global-typography-text-font-family ), Sans-serif; font-weight: var( --e-global-typography-text-font-weight ); text-align: var(--text-align); background-color: var(--base-3);\">Kolmarden Foundation (Sweden)<br><\/span><span style=\"color: var( --e-global-color-text ); font-family: var( --e-global-typography-text-font-family ), Sans-serif; font-weight: var( --e-global-typography-text-font-weight ); text-align: var(--text-align); background-color: var(--base-3);\">Legendia Parc (SARL Le Sentier des Daims) (France)<br><\/span><span style=\"color: var( --e-global-color-text ); font-family: var( --e-global-typography-text-font-family ), Sans-serif; font-weight: var( --e-global-typography-text-font-weight ); text-align: var(--text-align); background-color: var(--base-3);\">Marin Community Foundation (MCF) (EUA)<br><\/span><span style=\"color: var( --e-global-color-text ); font-family: var( --e-global-typography-text-font-family ), Sans-serif; font-weight: var( --e-global-typography-text-font-weight ); text-align: var(--text-align); background-color: var(--base-3);\">Mercado Livre (Brazil)<br><\/span><span style=\"color: var( --e-global-color-text ); font-family: var( --e-global-typography-text-font-family ), Sans-serif; font-weight: var( --e-global-typography-text-font-weight ); text-align: var(--text-align); background-color: var(--base-3);\">MetLife<br><\/span><span style=\"color: var( --e-global-color-text ); font-family: var( --e-global-typography-text-font-family ), Sans-serif; font-weight: var( --e-global-typography-text-font-weight ); text-align: var(--text-align); background-color: var(--base-3);\">Margot Marsh Biodiversity Foundation (EUA)<br><\/span><span style=\"color: var( --e-global-color-text ); font-family: var( --e-global-typography-text-font-family ), Sans-serif; font-weight: var( --e-global-typography-text-font-weight ); text-align: var(--text-align); background-color: var(--base-3);\">Naples Zoo (EUA)<br><\/span><span style=\"color: var( --e-global-color-text ); font-family: var( --e-global-typography-text-font-family ), Sans-serif; font-weight: var( --e-global-typography-text-font-weight ); text-align: var(--text-align); background-color: var(--base-3);\">Nashville Zoo at Grassmere (EUA)<br><\/span><span style=\"color: var( --e-global-color-text ); font-family: var( --e-global-typography-text-font-family ), Sans-serif; font-weight: var( --e-global-typography-text-font-weight ); text-align: var(--text-align); background-color: var(--base-3);\">National Counsel of Technological and Scientific Development of Brazil (CNPQ) (Brazil)<br><\/span><span style=\"color: var( --e-global-color-text ); font-family: var( --e-global-typography-text-font-family ), Sans-serif; font-weight: var( --e-global-typography-text-font-weight ); text-align: var(--text-align); background-color: var(--base-3);\">National Geographic Society (EUA)<br><\/span><span style=\"color: var( --e-global-color-text ); font-family: var( --e-global-typography-text-font-family ), Sans-serif; font-weight: var( --e-global-typography-text-font-weight ); text-align: var(--text-align); background-color: var(--base-3);\">N\u00fcrnberg Zoo (Germany)<br><\/span><span style=\"color: var( --e-global-color-text ); font-family: var( --e-global-typography-text-font-family ), Sans-serif; font-weight: var( --e-global-typography-text-font-weight ); text-align: var(--text-align); background-color: var(--base-3);\">Opel Zoo (Germany)<br><\/span><span style=\"color: var( --e-global-color-text ); font-family: var( --e-global-typography-text-font-family ), Sans-serif; font-weight: var( --e-global-typography-text-font-weight ); text-align: var(--text-align); background-color: var(--base-3);\">One Tree Planted \/ OTP (EUA)<br><\/span><span style=\"color: var( --e-global-color-text ); font-family: var( --e-global-typography-text-font-family ), Sans-serif; font-weight: var( --e-global-typography-text-font-weight ); text-align: var(--text-align); background-color: var(--base-3);\">Paradise Wildlife Park (United Kingdom)<br><\/span><span style=\"color: var( --e-global-color-text ); font-family: var( --e-global-typography-text-font-family ), Sans-serif; font-weight: var( --e-global-typography-text-font-weight ); text-align: var(--text-align); background-color: var(--base-3);\">Parc Zoo du Reynou (France)<br><\/span><span style=\"color: var( --e-global-color-text ); font-family: var( --e-global-typography-text-font-family ), Sans-serif; font-weight: var( --e-global-typography-text-font-weight ); text-align: var(--text-align); background-color: var(--base-3);\">Parc Zoologique CERZA Lisieux (France)<br><\/span><span style=\"color: var( --e-global-color-text ); font-family: var( --e-global-typography-text-font-family ), Sans-serif; font-weight: var( --e-global-typography-text-font-weight ); text-align: var(--text-align); background-color: var(--base-3);\">|Parco Natura Viva \u2013 Garda Zoological Park (Italy)<br><\/span><span style=\"color: var( --e-global-color-text ); font-family: var( --e-global-typography-text-font-family ), Sans-serif; font-weight: var( --e-global-typography-text-font-weight ); text-align: var(--text-align); background-color: var(--base-3);\">Parrot Wildlife Foundation (Brazil)<br><\/span><span style=\"color: var( --e-global-color-text ); font-family: var( --e-global-typography-text-font-family ), Sans-serif; font-weight: var( --e-global-typography-text-font-weight ); text-align: var(--text-align); background-color: var(--base-3);\">Pescheray Zoo (France)<br><\/span><span style=\"color: var( --e-global-color-text ); font-family: var( --e-global-typography-text-font-family ), Sans-serif; font-weight: var( --e-global-typography-text-font-weight ); text-align: var(--text-align); background-color: var(--base-3);\">Pew Charitable Trusts<br><\/span><span style=\"color: var( --e-global-color-text ); font-family: var( --e-global-typography-text-font-family ), Sans-serif; font-weight: var( --e-global-typography-text-font-weight ); text-align: var(--text-align); background-color: var(--base-3);\">Plan\u00e8te Sauvage (France)<br><\/span><span style=\"color: var( --e-global-color-text ); font-family: var( --e-global-typography-text-font-family ), Sans-serif; font-weight: var( --e-global-typography-text-font-weight ); text-align: var(--text-align); background-color: var(--base-3);\">Play for Nature (France)<br><\/span><span style=\"color: var( --e-global-color-text ); font-family: var( --e-global-typography-text-font-family ), Sans-serif; font-weight: var( --e-global-typography-text-font-weight ); text-align: var(--text-align); background-color: var(--base-3);\">Procter &amp; Gamble Company International Operations (EUA)<br><\/span><span style=\"color: var( --e-global-color-text ); font-family: var( --e-global-typography-text-font-family ), Sans-serif; font-weight: var( --e-global-typography-text-font-weight ); text-align: var(--text-align); background-color: var(--base-3);\">Programa ARPA (Brazil)<br><\/span><span style=\"color: var( --e-global-color-text ); font-family: var( --e-global-typography-text-font-family ), Sans-serif; font-weight: var( --e-global-typography-text-font-weight ); text-align: var(--text-align); background-color: var(--base-3);\">R\u00e9serve Zoologique de Calviac (France)<br><\/span><span style=\"color: var( --e-global-color-text ); font-family: var( --e-global-typography-text-font-family ), Sans-serif; font-weight: var( --e-global-typography-text-font-weight ); text-align: var(--text-align); background-color: var(--base-3);\">Reid Park ZOO (EUA)<br><\/span><span style=\"color: var( --e-global-color-text ); font-family: var( --e-global-typography-text-font-family ), Sans-serif; font-weight: var( --e-global-typography-text-font-weight ); text-align: var(--text-align); background-color: var(--base-3);\">Riverbanks Zoo &amp; Garden (EUA)<br><\/span><span style=\"color: var( --e-global-color-text ); font-family: var( --e-global-typography-text-font-family ), Sans-serif; font-weight: var( --e-global-typography-text-font-weight ); text-align: var(--text-align); background-color: var(--base-3);\">Roger Williams Park Zoo (EUA)<br><\/span><span style=\"color: var( --e-global-color-text ); font-family: var( --e-global-typography-text-font-family ), Sans-serif; font-weight: var( --e-global-typography-text-font-weight ); text-align: var(--text-align); background-color: var(--base-3);\">Sacramento Zoo (EUA)<br><\/span><span style=\"color: var( --e-global-color-text ); font-family: var( --e-global-typography-text-font-family ), Sans-serif; font-weight: var( --e-global-typography-text-font-weight ); text-align: var(--text-align); background-color: var(--base-3);\">Save Animals Facing Extinction (EUA)<br><\/span><span style=\"color: var( --e-global-color-text ); font-family: var( --e-global-typography-text-font-family ), Sans-serif; font-weight: var( --e-global-typography-text-font-weight ); text-align: var(--text-align); background-color: var(--base-3);\">SeaWorld &amp; Busch Gardens Conservation Fund (EUA)<br><\/span><span style=\"color: var( --e-global-color-text ); font-family: var( --e-global-typography-text-font-family ), Sans-serif; font-weight: var( --e-global-typography-text-font-weight ); text-align: var(--text-align); background-color: var(--base-3);\">Tapir Apps (Germany)<br><\/span><span style=\"color: var( --e-global-color-text ); font-family: var( --e-global-typography-text-font-family ), Sans-serif; font-weight: var( --e-global-typography-text-font-weight ); text-align: var(--text-align); background-color: var(--base-3);\">TreeNation (Belgium\/Spain)<br><\/span><span style=\"color: var( --e-global-color-text ); font-family: var( --e-global-typography-text-font-family ), Sans-serif; font-weight: var( --e-global-typography-text-font-weight ); text-align: var(--text-align); background-color: var(--base-3);\">The Norman and Sadie Lee Foundation (EUA)<br><\/span><span style=\"color: var( --e-global-color-text ); font-family: var( --e-global-typography-text-font-family ), Sans-serif; font-weight: var( --e-global-typography-text-font-weight ); text-align: var(--text-align); background-color: var(--base-3);\">The Royal Zoological Society of Scotland (Scotland)<br><\/span><span style=\"color: var( --e-global-color-text ); font-family: var( --e-global-typography-text-font-family ), Sans-serif; font-weight: var( --e-global-typography-text-font-weight ); text-align: var(--text-align); background-color: var(--base-3);\">United States Agency for International Development &#8211; USAID (EUA)<br><\/span><span style=\"color: var( --e-global-color-text ); font-family: var( --e-global-typography-text-font-family ), Sans-serif; font-weight: var( --e-global-typography-text-font-weight ); text-align: var(--text-align); background-color: var(--base-3);\">Universidade Estadual Paulista (UNESP), Centro de Informa\u00e7\u00e3o e Assist\u00eancia Toxicol\u00f3gica (CIATOX), Botucatu, S\u00e3o Paulo (Brazil)<br><\/span><span style=\"background-color: var(--base-3); color: var( --e-global-color-text ); font-family: var( --e-global-typography-text-font-family ), Sans-serif; font-weight: var( --e-global-typography-text-font-weight ); text-align: var(--text-align);\">Vienna Zoo (Austria)<br><\/span><span style=\"color: var( --e-global-color-text ); font-family: var( --e-global-typography-text-font-family ), Sans-serif; font-weight: var( --e-global-typography-text-font-weight ); text-align: var(--text-align); background-color: var(--base-3);\">WEFOREST (Belgium)<br><\/span><span style=\"color: var( --e-global-color-text ); font-family: var( --e-global-typography-text-font-family ), Sans-serif; font-weight: var( --e-global-typography-text-font-weight ); text-align: var(--text-align); background-color: var(--base-3);\">Whitley Fund for Nature &#8211; WFN (England)<br><\/span><span style=\"color: var( --e-global-color-text ); font-family: var( --e-global-typography-text-font-family ), Sans-serif; font-weight: var( --e-global-typography-text-font-weight ); text-align: var(--text-align); background-color: var(--base-3);\">|Wildlife Conservation Network (WCN) (EUA)<br><\/span><span style=\"color: var( --e-global-color-text ); font-family: var( --e-global-typography-text-font-family ), Sans-serif; font-weight: var( --e-global-typography-text-font-weight ); text-align: var(--text-align); background-color: var(--base-3);\">Wilhelma der Zoologisch Botanische Garten (Germany)<br><\/span><span style=\"background-color: var(--base-3); color: var( --e-global-color-text ); font-family: var( --e-global-typography-text-font-family ), Sans-serif; font-weight: var( --e-global-typography-text-font-weight ); text-align: var(--text-align);\">Zoo Augsburg (Germany)<br><\/span><span style=\"color: var( --e-global-color-text ); font-family: var( --e-global-typography-text-font-family ), Sans-serif; font-weight: var( --e-global-typography-text-font-weight ); text-align: var(--text-align); background-color: var(--base-3);\">Zoo de la Barben (France)<br><\/span><span style=\"color: var( --e-global-color-text ); font-family: var( --e-global-typography-text-font-family ), Sans-serif; font-weight: var( --e-global-typography-text-font-weight ); text-align: var(--text-align); background-color: var(--base-3);\">Zoo de la Fleche (France)<br><\/span><span style=\"color: var( --e-global-color-text ); font-family: var( --e-global-typography-text-font-family ), Sans-serif; font-weight: var( --e-global-typography-text-font-weight ); text-align: var(--text-align); background-color: var(--base-3);\">Zoo des Sables (France)<br><\/span><span style=\"color: var( --e-global-color-text ); font-family: var( --e-global-typography-text-font-family ), Sans-serif; font-weight: var( --e-global-typography-text-font-weight ); text-align: var(--text-align); background-color: var(--base-3);\">Zoo du Bassin d&#8217;Arcachon (France)<br><\/span><span style=\"color: var( --e-global-color-text ); font-family: var( --e-global-typography-text-font-family ), Sans-serif; font-weight: var( --e-global-typography-text-font-weight ); text-align: var(--text-align); background-color: var(--base-3);\">Zoo Miami (EUA)<br><\/span><span style=\"color: var( --e-global-color-text ); font-family: var( --e-global-typography-text-font-family ), Sans-serif; font-weight: var( --e-global-typography-text-font-weight ); text-align: var(--text-align); background-color: var(--base-3);\">Zoo Parc de Beauval (France)<br><\/span><span style=\"text-align: var(--text-align); background-color: var(--base-3); font-weight: var( --e-global-typography-text-font-weight ); font-family: var( --e-global-typography-text-font-family ), Sans-serif; color: var( --e-global-color-text );\">Zoo Parc Overloon (Netherlands)<\/span><\/p>\n<p><strong>SUPPORTERS<\/strong><\/p>\n<p>Acaia Pantanal (Brazil)<br>Ag\u00eancia Estadual de Defesa Sanit\u00e1ria Animal e Vegetal do Mato Grosso do Sul (IAGRO) (Brazil)<br>Agropalma (Brazil)<br>Associa\u00e7\u00e3o M\u00e3e da RDS Puranga Conquista\/APCT (Brazil)<br>Association of Zoos and Aquariums (AZA) Tapir Taxon Advisory Group (TAG) <br>Fazenda Barranco Alto<br>Caiman<br>Centro Nacional de Pesquisas e Conserva\u00e7\u00e3o de Primatas Brasileiros &#8211; CPB\/ICMBio (Brazil)<br>Comiss\u00e3o Pr\u00f3-Primatas Paulistas (Brazil) <br>Copenhagen Zoo (Denmark)<br>Documenta Pantanal (Brazil)<br>Esta\u00e7\u00e3o Ecol\u00f3gica Mico-Le\u00e3o-Preto \/ ICMBio (Brazil) <br>European Association of Zoos &amp; Aquaria (EAZA) Tapir Taxon Advisory Group (TAG) <br>Everest Fundraising (Brazil)<br>Funda\u00e7\u00e3o Caterpillar \/ Caterpillar Foundation (Brazil)<br>Funda\u00e7\u00e3o de Turismo do Mato Grosso do Sul (Fundtur) &#8211; Secretaria de Estado de Turismo, Esporte, Cultura e Cidadania do Mato Grosso do Sul (SETESCC)<br>Funda\u00e7\u00e3o Florestal do Estado de S\u00e3o Paulo (FF\/SP) <br>Future for Nature Foundation (Netherland)<br>Hotel Fazenda Ba\u00eda das Pedras, Pantanal (Brazil)<br>Houston Zoo (EUA)<br>Instituto Moinho Cultural Sul-Americano<br>Instituto Biol\u00f3gico de S\u00e3o Paulo (Brazil)<br>Instituto Brasileiro do Meio Ambiente e dos Recursos Naturais Renov\u00e1veis (Ibama) (Brazil) Instituto Chico Mendes de Conserva\u00e7\u00e3o da Biodiversidade\/ICMBio Caraj\u00e1s (Brazil)<br>Instituto Chico Mendes de Conserva\u00e7\u00e3o da Biodiversidade (ICMBIO) (Brazil)<br>Instituto Chico Mendes de Conserva\u00e7\u00e3o da Biodiversidade (ICMBIO), Paulo Afonso (Brazil<br>Instituto de Conserva\u00e7\u00e3o de Animais Silvestres (ICAS) (Brazil) <br>Instituto de Meio Ambiente de Mato Grosso do Sul (IMASUL), SEMAGRO, Mato Grosso do Sul (Brazil)<br>Instituto de Pesquisa Ambiental da Amaz\u00f4nia (IPAM) (Brazil)<br>Instituto Estadual de Florestas (IEF) (Brazil) <br>Instituto Florestal de S\u00e3o Paulo, S\u00e3o Paulo (Brazil) <br>IUCN SSC Conservation Planning Specialist Group (CPSG) <br>IUCN SSC Tapir Specialist Group (TSG) <br>Minist\u00e9rio do Meio Ambiente e Mudan\u00e7a do Clima (Brazil)<br>Minist\u00e9rio P\u00fablico do Mato Grosso do Sul (Brazil) <br>Mulheres na Conserva\u00e7\u00e3o Network (Brazil) <br>National Geographic Society (EUA) <br>Nitro Imagens (Brazil)<br>N\u00facleo de Estudos em Agroecologia e Produ\u00e7\u00e3o Org\u00e2nica Pau-Brasil\/UFSB<br>Opera\u00e7\u00e3o Primatas (Brazil)<br>Parque Estadual do Prosa \u2013 IMASUL, Campo Grande, Mato Grosso do Sul (Brazil)<br>Parque Estadual Matas do Segredo \u2013 IMASUL, Campo Grande, Mato Grosso do Sul (Brazil)<br>Parque Estadual Morro do Diabo\/FF-SP (Brazil)<br>Prefeitura Municipal de Nazar\u00e9 Paulista (Brazil)<br>Prefeitura Municipal de Novo Air\u00e3o (Brazil)<br>PrevFogo, Ibama (Brazil)<br>Programa Amigos da On\u00e7a (Brazil)<br>Projeto Amigos da On\u00e7a (Brazil)<br>Projeto Arara-Azul-de-Lear (Brazil)<br>Rede Accor<br>RPoint <br>SEBRAE \/ Ecoaba (Brazil)<br>SEBRAE S\u00e3o Paulo (Brazil)<br>SEBRAE Mato Grosso do Sul (Brazil)<br>Secretaria de Infraestrutura e Meio Ambiente do Estado de S\u00e3o Paulo (SIMA\/SP) (Brazil)<br>Secretaria de Estado de Governo e Gest\u00e3o Estrat\u00e9gica do Mato Grosso do Sul (SEGOV)<br>Secretaria Municipal do Meio Ambiente e Gest\u00e3o Urbana \u2013 SEMADUR, Campo Grande, Mato Grosso do Sul (Brazil)<br>SENAR \u2013 Servi\u00e7o Nacional de Aprendizagem Rural&nbsp; (Brazil)<br>Sindicato Rural de Presidente Epit\u00e1cio\/SP (Brazil) <br>Sky Servi\u00e7os de Banda Larga&nbsp;(Brazil)<br>Smithsonian Conservation Biology Institute (SCBI), Smithsonian Institution (EUA)<br>Studio Muriqui, Bonito, Mato Grosso do Sul (Brazil)<br>SUCEN &#8211; Superintend\u00eancia de Controle de Endemias<br>TED Fellows Program (EUA)<br>Tor\u00f3 Inc. (Brazil)<br>Universidade de S\u00e3o Paulo (USP), Campus Pirassununga, Laborat\u00f3rio de Medicina Veterin\u00e1ria Preventiva Aplicada (LMVPA\/ZMV), Pirassununga, S\u00e3o Paulo (Brazil)<br>Universidade de S\u00e3o Paulo (USP), Faculdade de Medicina Veterin\u00e1ria e Zootecnia (FMVZ), Departamento de Patologia e Toxicologia, S\u00e3o Paulo (Brazil)<br>Universidade de S\u00e3o Paulo (USP), Faculdade de Medicina Veterin\u00e1ria e Zootecnia (FMVZ), Departamento de Reprodu\u00e7\u00e3o Animal, S\u00e3o Paulo (Brazil)<br>Universidade de S\u00e3o Paulo (USP), Faculdade de Medicina Veterin\u00e1ria e Zootecnia (FMVZ), Departamento de Veterin\u00e1ria Preventiva e Sa\u00fade Animal, S\u00e3o Paulo (Brazil)<br>Universidade de S\u00e3o Paulo (USP), FMVZ &#8211; Departamento Veterin\u00e1ria Preventiva e Sa\u00fade Animal (VPS) (Brazil)<br>Universidade de S\u00e3o Paulo (USP), FMVZ &#8211; Departamento Patologia e Toxicologia (VPT) (Brazil)<br>Universidade de S\u00e3o Paulo (USP), Museu de Zoologia, S\u00e3o Paulo (Brazil)<br>Universidade Estadual Paulista (UNESP), Faculdade de Ci\u00eancias Agr\u00e1rias e Veterin\u00e1ria (FCAV), Departamento de Patologia Veterin\u00e1ria, Laborat\u00f3rio de Imunoparasitologia, Jaboticabal, S\u00e3o Paulo (Brazil)<br>Universidade Federal do Mato Grosso (UFMT) (Brazil) <br>Universidade Federal do Mato Grosso do Sul (UFMS) (Brazil)<br>Universidade Federal do Mato Grosso do Sul (UFMS), Instituto de Bioci\u00eancias, Laborat\u00f3rio de Ecologia e Biologia Evolutiva, Campo Grande, Mato Grosso do Sul (Brazil)<br>Universidade Federal do Mato Grosso do Sul (UFMS), Laborat\u00f3rio de Nutri\u00e7\u00e3o Animal, Campo Grande, Mato Grosso do Sul (Brazil)<br>Universidade Federal do Mato Grosso do Sul (UFMS), Laborat\u00f3rio de Parasitologia Animal, Campo Grande, Mato Grosso do Sul (Brazil)<br>Universidade Federal do Mato Grosso do Sul (UFMS), Laborat\u00f3rio de Patologia Cl\u00ednica, Campo Grande, Mato Grosso do Sul (Brazil)<br>Universidade Federal do Mato Grosso do Sul (UFMS), Laborat\u00f3rio de Virologia Veterin\u00e1ria, Campo Grande, Mato Grosso do Sul (Brazil)<br>Universidade Federal do Par\u00e1 (UFPA), Bel\u00e9m, Par\u00e1 (Brazil)<br>University of British Columbia (UBC) (Canada)<br>ViaFauna Consultoria Ambiental (Brazil)<br>Whitley Fund for Nature (WFN) (United Kingdom)<br>Wildlife Conservation Network (WCN) (EUA)<\/p>\n<p><strong>SPONSORS<\/strong><br>Programa Petrobras Socioambiental e Governo Federal<\/p>\n<p><strong>DONORS<\/strong><\/p>\n<p><strong><u>ESCAS<\/u><\/strong><br>Guilherme Leal <br>Luiz Seabra<br>Teresa Bracher <br>Dorothea Werneck (MIDAS Scholarship)<br>Maria Brand\u00e3o Teixeira (MIDAS Scholarship)<br>Daniela Dias (MIDAS Scholarship)<\/p>\n<p><strong><u>Black Lion Tamarin Conservation Program<\/u><\/strong><br>Rosmari Rizzi Bachi<\/p>\n<p><strong><u>Sowing Water<\/u><\/strong><br>Donors by Tree Nation<\/p>\n<p><strong>COMPANIES DONORS<br><\/strong>VRS Academy (Brasil)<br>Stock Industrial (Brasil)<\/p>\n<p><b>VOLUNTEERS<br><\/b><span style=\"color: var( --e-global-color-text ); font-family: var( --e-global-typography-text-font-family ), Sans-serif; font-weight: var( --e-global-typography-text-font-weight ); text-align: var(--text-align); background-color: var(--base-3);\">Arnaldo Rocha<br><\/span><span style=\"color: var( --e-global-color-text ); font-family: var( --e-global-typography-text-font-family ), Sans-serif; font-weight: var( --e-global-typography-text-font-weight ); text-align: var(--text-align); background-color: var(--base-3);\">Daniel Caspar Wallman<br><\/span><span style=\"color: var( --e-global-color-text ); font-family: var( --e-global-typography-text-font-family ), Sans-serif; font-weight: var( --e-global-typography-text-font-weight ); text-align: var(--text-align); background-color: var(--base-3);\">Gabriel Leal de Barros<br><\/span><span style=\"color: var( --e-global-color-text ); font-family: var( --e-global-typography-text-font-family ), Sans-serif; font-weight: var( --e-global-typography-text-font-weight ); text-align: var(--text-align); background-color: var(--base-3);\">Julia Abreu<br><\/span><span style=\"color: var( --e-global-color-text ); font-family: var( --e-global-typography-text-font-family ), Sans-serif; font-weight: var( --e-global-typography-text-font-weight ); text-align: var(--text-align); background-color: var(--base-3);\">Marius Medeiros<br><\/span><span style=\"color: var( --e-global-color-text ); font-family: var( --e-global-typography-text-font-family ), Sans-serif; font-weight: var( --e-global-typography-text-font-weight ); text-align: var(--text-align); background-color: var(--base-3);\">Ligia Rubo<br><\/span><span style=\"color: var( --e-global-color-text ); font-family: var( --e-global-typography-text-font-family ), Sans-serif; font-weight: var( --e-global-typography-text-font-weight ); text-align: var(--text-align); background-color: var(--base-3);\">Ludmila Ferreira<br><\/span><span style=\"color: var( --e-global-color-text ); font-family: var( --e-global-typography-text-font-family ), Sans-serif; font-weight: var( --e-global-typography-text-font-weight ); text-align: var(--text-align); background-color: var(--base-3);\">Simone Nunes<br><\/span><span style=\"color: var( --e-global-color-text ); font-family: var( --e-global-typography-text-font-family ), Sans-serif; font-weight: var( --e-global-typography-text-font-weight ); text-align: var(--text-align); background-color: var(--base-3);\">Shirley Felts<br><\/span><span style=\"color: var( --e-global-color-text ); font-family: var( --e-global-typography-text-font-family ), Sans-serif; font-weight: var( --e-global-typography-text-font-weight ); text-align: var(--text-align); background-color: var(--base-3);\">FreeHelper Volunteers<\/span><span style=\"color: var( --e-global-color-text ); font-family: var( --e-global-typography-text-font-family ), Sans-serif; font-weight: var( --e-global-typography-text-font-weight ); text-align: var(--text-align); background-color: var(--base-3);\"><br><\/span><span style=\"color: var( --e-global-color-text ); font-family: var( --e-global-typography-text-font-family ), Sans-serif; font-weight: var( --e-global-typography-text-font-weight ); text-align: var(--text-align); background-color: var(--base-3);\">Jo\u00e3o Pedro Fernandes Machado<br><\/span><span style=\"color: var( --e-global-color-text ); font-family: var( --e-global-typography-text-font-family ), Sans-serif; font-weight: var( --e-global-typography-text-font-weight ); text-align: var(--text-align); background-color: var(--base-3);\">Kaique Ferreira de Macedo<br><\/span><span style=\"color: var( --e-global-color-text ); font-family: var( --e-global-typography-text-font-family ), Sans-serif; font-weight: var( --e-global-typography-text-font-weight ); text-align: var(--text-align); background-color: var(--base-3);\">Flora Nogueira Matos<br><\/span><span style=\"color: var( --e-global-color-text ); font-family: var( --e-global-typography-text-font-family ), Sans-serif; font-weight: var( --e-global-typography-text-font-weight ); text-align: var(--text-align); background-color: var(--base-3);\">Guilherme de Lima Veiga<\/span><\/p>\n<p><\/p>\n<p><strong>LIRA\/IP\u00ca FUND ORGANIZATIONS<\/strong><\/p>\n<p>Associa\u00e7\u00e3o Anavilhanas de Transporte Quavi\u00e1rio e Turismo de Novo Air\u00e3o<br>Associa\u00e7\u00e3o dos Moradores da Comunidade do Jaramacaru e Regi\u00e3o A.C.A.J.E<br>Associa\u00e7\u00e3o das Guerreiras Indigenas de Rondonia \u2013 AGIR<br>Associa\u00e7\u00e3o dos Seringueiros do Vale do Guapor\u00e9<br>Associa\u00e7\u00e3o Ind\u00edgena Karo Paygap<br>Associa\u00e7\u00e3o Ind\u00edgena Pyjahyry Xipaia<br>Associa\u00e7\u00e3o Ind\u00edgena Patyi da Aldeia Pykajaka<br>Associa\u00e7\u00e3o Ind\u00edgena Santo Andr\u00e9 &#8211; Povo Oro Nao<br>Associa\u00e7\u00e3o Ind\u00edgena Tato`A<br>Cooperativa Agroextrativista de Assis Brasil<br>Associa\u00e7\u00e3o dos Moradores e Amigos Agroextrativistas da Floresta Estadual de Canutama\/Am &#8211; AMAFLEC<br>Associa\u00e7\u00e3o dos Moradores Agroextrativistas da Reserva de Desenvolvimento Sustent\u00e1vel Uacari<br>Associa\u00e7\u00e3o de Moradores da Vista Alegre Acamu\u00e3 e Lua Nova<br>Associa\u00e7\u00e3o dos Moradores e Amigos da Rds do Juma<br>Associa\u00e7\u00e3o de Produtores Agr\u00edcolas da Comunidade de Santo Ant\u00f4nio<br>Associa\u00e7\u00e3o dos Produtores Agroextrativistas da Assembleia de Deus do Rio Ituxi<br>Associa\u00e7\u00e3o de Povos e Comunidades Tradicionais da Reserva de Desenvolvimento Sustent\u00e1vel Puranga Conquista (APCT &#8211; RDS Puranga Conquista)<br>Associa\u00e7\u00e3o do Povo Ind\u00edgena Amondawa<br>Associa\u00e7\u00e3o do Povo Ind\u00edgena Jiahui<br>Associa\u00e7\u00e3o dos Agroextrativistas da Reserva Extrativista de Canutama \u2013 ASARC<br>Associa\u00e7\u00e3o dos Moradores Agroextrativistas das Comunidades \u2013 ASMACARU<br>Associa\u00e7\u00e3o Ind\u00edgena Zavidjaj Djiguhr \u2013 ASSIZA<br>Associa\u00e7\u00e3o dos Trabalhadores Agroextrativistas do M\u00e9dio Purus- ATAMP<br>Conselho Geral do Povo Hexkaryana<br>Cooperativa Mista dos Povos e Comunidades Tradicionais da Calha Norte \u2013 COOPAFLORA<br>Cooperativa Agroextrativista de Assis Brasil<br>Cooperativa de Produtores Agroflorestal Agricultores Familiar de Basil\u00e9ia<br>Cooperativa Agroextrativista do Mapi\u00e1 e M\u00e9dio Purus \u2013 COOPERAR<br>Cooperativa de Produ\u00e7\u00e3o e Extrativismo Sustent\u00e1vel da Floresta Ind\u00edgena Vekala Igarap\u00e9 Lourdes<br>Centro Cultural Ind\u00edgena Paiter Wagoh Pakob<br>A\u00e7\u00e3o Ecol\u00f3gica Guapor\u00e9<br>Associa\u00e7\u00e3o Gap Ey<br>Instituto de Estudos Amaz\u00f4nicos<br>Associa\u00e7\u00e3o Ire\u00f4 Kayap\u00f3 da Terra Ind\u00edgena Kara\u00f4<br>Associa\u00e7\u00e3o Comunit\u00e1ria dos Produtores Rurais da Comunidade Juli\u00e3o<br>Associa\u00e7\u00e3o Cultural Ind\u00edgena Kapot \u2013 Jarina<br>Associa\u00e7\u00e3o Ind\u00edgena da Bacia do I\u00e7ana<br>Centro das Plantas Medicinais Olawatawa<br>Organiza\u00e7\u00e3o dos Povos Ind\u00edgenas Apuri\u00f1a e Jamamadi de Boca do Acre Amazonas<br>Instituto Pupykary<br>Associa\u00e7\u00e3o Ind\u00edgena Pykore \u2013 AIP<\/p>\n<p><b>SUPPORTERS CAATINGA EXPEDITION &#8211; IN SEARCH OF THE LOST TAPIR, BY INCAB<\/b><\/p>\n<p>Ad\u00e3o Barreira Sena (Brigadista, PARNA Nascentes do Parna\u00edba, PI)&nbsp;&nbsp;&nbsp;<br>Adele Santelli (TV Cultura, Rep\u00f3rter ECO)&nbsp;<br>Adelson Alves Martins (Brigadista, PARNA Nascentes do Parna\u00edba, PI)&nbsp;<br>A\u00e9lzio Ferreira de Souza (Guarda-Parque, PE Veredas do Perua\u00e7u, MG)&nbsp;<br>Alairton Nunes da Silva (Brigadista, PARNA Nascentes do Parna\u00edba, PI)&nbsp;<br>Alex Ramos Pereira (Bioconsultoria, Caetit\u00e9, BA)&nbsp;<br>Alexandra Tiso Cumerlato (INCAB-IP\u00ca)&nbsp;<br>Alice Sales (EcoNordeste)&nbsp;&nbsp;<br>Ana Raquel Teixeira Cedraz (Secretaria de Meio Ambiente, Morro do Chap\u00e9u, BA)&nbsp;<br>Auriana Miranda Walker (UNIVASF, BA)&nbsp;<br>Baldemi Maia Rocha (Superintend\u00eancia de Educa\u00e7\u00e3o e Cultura, Tapiramut\u00e1, BA)&nbsp;<br>Cacique Juvenal \u2013 Comunidade Ind\u00edgena Kaimb\u00e9 (Euclides da Cunha, BA)&nbsp;<br><span style=\"color: var( --e-global-color-text ); font-family: var( --e-global-typography-text-font-family ), Sans-serif; font-weight: var( --e-global-typography-text-font-weight ); text-align: var(--text-align); background-color: var(--base-3);\">Cacique L\u00e1zaro \u2013 Comunidade Ind\u00edgena Kariri (Banza\u00ea, BA)&nbsp;<br><\/span><span style=\"color: var( --e-global-color-text ); font-family: var( --e-global-typography-text-font-family ), Sans-serif; font-weight: var( --e-global-typography-text-font-weight ); text-align: var(--text-align); background-color: var(--base-3);\">Carlos Etchevarne (UFBA)&nbsp;<br><\/span><span style=\"color: var( --e-global-color-text ); font-family: var( --e-global-typography-text-font-family ), Sans-serif; font-weight: var( --e-global-typography-text-font-weight ); text-align: var(--text-align); background-color: var(--base-3);\">Carlos Jos\u00e9 Barreto Sousa (Brigadista Curimat\u00e1, PI)&nbsp;<br><\/span><span style=\"color: var( --e-global-color-text ); font-family: var( --e-global-typography-text-font-family ), Sans-serif; font-weight: var( --e-global-typography-text-font-weight ); text-align: var(--text-align); background-color: var(--base-3);\">Carolina Esteves (Projeto Amigos da On\u00e7a)&nbsp;<br><\/span><span style=\"color: var( --e-global-color-text ); font-family: var( --e-global-typography-text-font-family ), Sans-serif; font-weight: var( --e-global-typography-text-font-weight ); text-align: var(--text-align); background-color: var(--base-3);\">Caroline Testa Jos\u00e9 (SP)&nbsp;<br><\/span><span style=\"color: var( --e-global-color-text ); font-family: var( --e-global-typography-text-font-family ), Sans-serif; font-weight: var( --e-global-typography-text-font-weight ); text-align: var(--text-align); background-color: var(--base-3);\">C\u00e9sar Neubert Gon\u00e7alves (Gestor, PARNA Chapada Diamantina, BA)&nbsp;<br><\/span><span style=\"color: var( --e-global-color-text ); font-family: var( --e-global-typography-text-font-family ), Sans-serif; font-weight: var( --e-global-typography-text-font-weight ); text-align: var(--text-align); background-color: var(--base-3);\">Cibele Quirino (IP\u00ca, SP)&nbsp;<br><\/span><span style=\"color: var( --e-global-color-text ); font-family: var( --e-global-typography-text-font-family ), Sans-serif; font-weight: var( --e-global-typography-text-font-weight ); text-align: var(--text-align); background-color: var(--base-3);\">Cl\u00e1udia Bueno de Campos (Gestora, NGI Boqueir\u00e3o da On\u00e7a, BA)&nbsp;<br><\/span><span style=\"color: var( --e-global-color-text ); font-family: var( --e-global-typography-text-font-family ), Sans-serif; font-weight: var( --e-global-typography-text-font-weight ); text-align: var(--text-align); background-color: var(--base-3);\">Cl\u00e1udia Gaigher (MS)&nbsp;<br><\/span><span style=\"color: var( --e-global-color-text ); font-family: var( --e-global-typography-text-font-family ), Sans-serif; font-weight: var( --e-global-typography-text-font-weight ); text-align: var(--text-align); background-color: var(--base-3);\">Cristiane Prizibisczki (OECO)&nbsp;<br><\/span><span style=\"color: var( --e-global-color-text ); font-family: var( --e-global-typography-text-font-family ), Sans-serif; font-weight: var( --e-global-typography-text-font-weight ); text-align: var(--text-align); background-color: var(--base-3);\">Daniela Zappi (UNB)&nbsp;<br><\/span><span style=\"color: var( --e-global-color-text ); font-family: var( --e-global-typography-text-font-family ), Sans-serif; font-weight: var( --e-global-typography-text-font-weight ); text-align: var(--text-align); background-color: var(--base-3);\">Dayanne Sirqueira (Gestora, NGI Cavernas do Perua\u00e7u, MG)&nbsp;<br><\/span><span style=\"color: var( --e-global-color-text ); font-family: var( --e-global-typography-text-font-family ), Sans-serif; font-weight: var( --e-global-typography-text-font-weight ); text-align: var(--text-align); background-color: var(--base-3);\">Deizze Rocha (Secretaria Municipal de Morro Verde, BA)&nbsp;<br><\/span><span style=\"background-color: var(--base-3); color: var( --e-global-color-text ); font-family: var( --e-global-typography-text-font-family ), Sans-serif; font-weight: var( --e-global-typography-text-font-weight ); text-align: var(--text-align);\">Demiyse Fernandes Fonseca (Gestora, Parque Estadual do Rangel, PI)&nbsp;<br><\/span><span style=\"background-color: var(--base-3); color: var( --e-global-color-text ); font-family: var( --e-global-typography-text-font-family ), Sans-serif; font-weight: var( --e-global-typography-text-font-weight ); text-align: var(--text-align);\">Dimas Marques (Fauna News)&nbsp;<br><\/span><span style=\"background-color: var(--base-3); color: var( --e-global-color-text ); font-family: var( --e-global-typography-text-font-family ), Sans-serif; font-weight: var( --e-global-typography-text-font-weight ); text-align: var(--text-align);\">Edsel J\u00fanior (MG)&nbsp;<br><\/span><span style=\"color: var( --e-global-color-text ); font-family: var( --e-global-typography-text-font-family ), Sans-serif; font-weight: var( --e-global-typography-text-font-weight ); text-align: var(--text-align); background-color: var(--base-3);\">Edivone Ferreira de Sousa (Brigadista, PARNA Nascentes do Parna\u00edba, PI)&nbsp;<br><\/span><span style=\"color: var( --e-global-color-text ); font-family: var( --e-global-typography-text-font-family ), Sans-serif; font-weight: var( --e-global-typography-text-font-weight ); text-align: var(--text-align); background-color: var(--base-3);\">Elias Braga Pinheiro (Everest Fundraising, SP)&nbsp;<br><\/span><span style=\"background-color: var(--base-3); color: var( --e-global-color-text ); font-family: var( --e-global-typography-text-font-family ), Sans-serif; font-weight: var( --e-global-typography-text-font-weight ); text-align: var(--text-align);\">Elizabete Karlla Mota Rios (UNIVASF, BA)&nbsp;<br><\/span><span style=\"color: var( --e-global-color-text ); font-family: var( --e-global-typography-text-font-family ), Sans-serif; font-weight: var( --e-global-typography-text-font-weight ); text-align: var(--text-align); background-color: var(--base-3);\">Emerson Costa de Oliveira (Gestor, ESEC Raso da Catarina, ICMBio Paulo Afonso, BA)&nbsp;<br><\/span><span style=\"color: var( --e-global-color-text ); font-family: var( --e-global-typography-text-font-family ), Sans-serif; font-weight: var( --e-global-typography-text-font-weight ); text-align: var(--text-align); background-color: var(--base-3);\">\u00c9rica Pac\u00edfico (Projeto Arara Azul de Lear)&nbsp;<br><\/span><span style=\"color: var( --e-global-color-text ); font-family: var( --e-global-typography-text-font-family ), Sans-serif; font-weight: var( --e-global-typography-text-font-weight ); text-align: var(--text-align); background-color: var(--base-3);\">Fabiana Santos Profeta (Secretaria de Meio Ambiente, Mucug\u00ea, BA)&nbsp;<br><\/span><span style=\"color: var( --e-global-color-text ); font-family: var( --e-global-typography-text-font-family ), Sans-serif; font-weight: var( --e-global-typography-text-font-weight ); text-align: var(--text-align); background-color: var(--base-3);\">Fernanda da Silva Oliveira (Analista, PE Morro do Chap\u00e9u, BA)&nbsp;<br><\/span><span style=\"color: var( --e-global-color-text ); font-family: var( --e-global-typography-text-font-family ), Sans-serif; font-weight: var( --e-global-typography-text-font-weight ); text-align: var(--text-align); background-color: var(--base-3);\">Fernanda Cristina Jacoby (INCAB-IP\u00ca)&nbsp;<br><\/span><span style=\"color: var( --e-global-color-text ); font-family: var( --e-global-typography-text-font-family ), Sans-serif; font-weight: var( --e-global-typography-text-font-weight ); text-align: var(--text-align); background-color: var(--base-3);\">Gabriela Medeiros de Pinho (INCAB-IP\u00ca)&nbsp;<br><\/span><span style=\"color: var( --e-global-color-text ); font-family: var( --e-global-typography-text-font-family ), Sans-serif; font-weight: var( --e-global-typography-text-font-weight ); text-align: var(--text-align); background-color: var(--base-3);\">Gabriela Cabral Rezende (IP\u00ca, MG)&nbsp;<br><\/span><span style=\"color: var( --e-global-color-text ); font-family: var( --e-global-typography-text-font-family ), Sans-serif; font-weight: var( --e-global-typography-text-font-weight ); text-align: var(--text-align); background-color: var(--base-3);\">Galg\u00e2nia Rodrigues Mascarenhas Gurgel (Secretaria de Meio Ambiente, Corrente, PI)&nbsp;<br><\/span><span style=\"color: var( --e-global-color-text ); font-family: var( --e-global-typography-text-font-family ), Sans-serif; font-weight: var( --e-global-typography-text-font-weight ); text-align: var(--text-align); background-color: var(--base-3);\">Guilherme Ferreira Braga&nbsp;<br><\/span><span style=\"color: var( --e-global-color-text ); font-family: var( --e-global-typography-text-font-family ), Sans-serif; font-weight: var( --e-global-typography-text-font-weight ); text-align: var(--text-align); background-color: var(--base-3);\">Gustavo Luis Schacht (UFRB, BA)&nbsp;<br><\/span><span style=\"color: var( --e-global-color-text ); font-family: var( --e-global-typography-text-font-family ), Sans-serif; font-weight: var( --e-global-typography-text-font-weight ); text-align: var(--text-align); background-color: var(--base-3);\">Henrique Bastos (Len\u00e7\u00f3is, Chapada Diamantina, BA)&nbsp;<br><\/span><span style=\"color: var( --e-global-color-text ); font-family: var( --e-global-typography-text-font-family ), Sans-serif; font-weight: var( --e-global-typography-text-font-weight ); text-align: var(--text-align); background-color: var(--base-3);\">Henrique Portella (Secretaria de Meio Ambiente, Caetit\u00e9, BA)&nbsp;<br><\/span><span style=\"background-color: var(--base-3); color: var( --e-global-color-text ); font-family: var( --e-global-typography-text-font-family ), Sans-serif; font-weight: var( --e-global-typography-text-font-weight ); text-align: var(--text-align);\">Hugo Fernandes (UECE, CE)&nbsp;<br><\/span><span style=\"color: var( --e-global-color-text ); font-family: var( --e-global-typography-text-font-family ), Sans-serif; font-weight: var( --e-global-typography-text-font-weight ); text-align: var(--text-align); background-color: var(--base-3);\">Humberto Ledo (BA)&nbsp;<br><\/span><span style=\"color: var( --e-global-color-text ); font-family: var( --e-global-typography-text-font-family ), Sans-serif; font-weight: var( --e-global-typography-text-font-weight ); text-align: var(--text-align); background-color: var(--base-3);\">Iara Ramos dos Santos (Consultoria em Estrat\u00e9gia Socioambiental, PA)&nbsp;<br><\/span><span style=\"color: var( --e-global-color-text ); font-family: var( --e-global-typography-text-font-family ), Sans-serif; font-weight: var( --e-global-typography-text-font-weight ); text-align: var(--text-align); background-color: var(--base-3);\">Iardley C\u00edcero Gomes Varj\u00e3o (UNIVASF, BA)&nbsp;<br><\/span><span style=\"color: var( --e-global-color-text ); font-family: var( --e-global-typography-text-font-family ), Sans-serif; font-weight: var( --e-global-typography-text-font-weight ); text-align: var(--text-align); background-color: var(--base-3);\">Iedo Rodrigues Vitor (Gestor, APA do Rio Preto, INEMA, BA)&nbsp;<br><\/span><span style=\"color: var( --e-global-color-text ); font-family: var( --e-global-typography-text-font-family ), Sans-serif; font-weight: var( --e-global-typography-text-font-weight ); text-align: var(--text-align); background-color: var(--base-3);\">Isabel Silva (UNESP\/FCAV \u2013 NUPECCE)&nbsp;<br><\/span><span style=\"color: var( --e-global-color-text ); font-family: var( --e-global-typography-text-font-family ), Sans-serif; font-weight: var( --e-global-typography-text-font-weight ); text-align: var(--text-align); background-color: var(--base-3);\">Ismael Alves da Silva (Brigadista, NGI Boqueir\u00e3o da On\u00e7a, BA)&nbsp;<br><\/span><span style=\"color: var( --e-global-color-text ); font-family: var( --e-global-typography-text-font-family ), Sans-serif; font-weight: var( --e-global-typography-text-font-weight ); text-align: var(--text-align); background-color: var(--base-3);\">Israel Fledson Ferreira Lima (Guarda-Parque, PE Morro do Chap\u00e9u, BA)&nbsp;<br><\/span><span style=\"color: var( --e-global-color-text ); font-family: var( --e-global-typography-text-font-family ), Sans-serif; font-weight: var( --e-global-typography-text-font-weight ); text-align: var(--text-align); background-color: var(--base-3);\">Jackson de Jesus Santana (Guarda-Parque, PE Morro do Chap\u00e9u, BA)&nbsp;<br><\/span><span style=\"background-color: var(--base-3); color: var( --e-global-color-text ); font-family: var( --e-global-typography-text-font-family ), Sans-serif; font-weight: var( --e-global-typography-text-font-weight ); text-align: var(--text-align);\">Jader Lessa Cordoval (PE Lagoa do Cajueiro, PE Verde Grande, MG)&nbsp;<br><\/span><span style=\"color: var( --e-global-color-text ); font-family: var( --e-global-typography-text-font-family ), Sans-serif; font-weight: var( --e-global-typography-text-font-weight ); text-align: var(--text-align); background-color: var(--base-3);\">Janeil Oliveira (Gestor, PARNA Nascentes do Parna\u00edba, PI)&nbsp;<br><\/span><span style=\"color: var( --e-global-color-text ); font-family: var( --e-global-typography-text-font-family ), Sans-serif; font-weight: var( --e-global-typography-text-font-weight ); text-align: var(--text-align); background-color: var(--base-3);\">Janine Oliveira (Secretaria de Meio Ambiente, C\u00edcero Dantas, BA)&nbsp;<br><\/span><span style=\"color: var( --e-global-color-text ); font-family: var( --e-global-typography-text-font-family ), Sans-serif; font-weight: var( --e-global-typography-text-font-weight ); text-align: var(--text-align); background-color: var(--base-3);\">Jennifer Camporini (Everest Fundraising, SP)&nbsp;<br><\/span><span style=\"color: var( --e-global-color-text ); font-family: var( --e-global-typography-text-font-family ), Sans-serif; font-weight: var( --e-global-typography-text-font-weight ); text-align: var(--text-align); background-color: var(--base-3);\">Jessica Viviane Amorim (UNIVASF, BA)&nbsp;<br><\/span><span style=\"background-color: var(--base-3); color: var( --e-global-color-text ); font-family: var( --e-global-typography-text-font-family ), Sans-serif; font-weight: var( --e-global-typography-text-font-weight ); text-align: var(--text-align);\">Jo\u00e3o Luiz Soares dos Reis (Guarda-Parque, PE Mata Seca, MG)&nbsp;<br><\/span><span style=\"color: var( --e-global-color-text ); font-family: var( --e-global-typography-text-font-family ), Sans-serif; font-weight: var( --e-global-typography-text-font-weight ); text-align: var(--text-align); background-color: var(--base-3);\">Jo\u00e3o Marcos Rosa (Nitro Hist\u00f3rias Visuais)&nbsp;<br><\/span><span style=\"color: var( --e-global-color-text ); font-family: var( --e-global-typography-text-font-family ), Sans-serif; font-weight: var( --e-global-typography-text-font-weight ); text-align: var(--text-align); background-color: var(--base-3);\">Jo\u00e3o Roberto Barbosa de Oliveira (PE Veredas do Perua\u00e7u, MG)&nbsp;<br><\/span><span style=\"background-color: var(--base-3); color: var( --e-global-color-text ); font-family: var( --e-global-typography-text-font-family ), Sans-serif; font-weight: var( --e-global-typography-text-font-weight ); text-align: var(--text-align);\">Jonathan Melo (Secretaria de Meio Ambiente, Boa Nova, BA)&nbsp;<br><\/span><span style=\"background-color: var(--base-3); color: var( --e-global-color-text ); font-family: var( --e-global-typography-text-font-family ), Sans-serif; font-weight: var( --e-global-typography-text-font-weight ); text-align: var(--text-align);\">Jordana Teodoro (Everest Fundraising, SP)&nbsp;<br><\/span><span style=\"background-color: var(--base-3); color: var( --e-global-color-text ); font-family: var( --e-global-typography-text-font-family ), Sans-serif; font-weight: var( --e-global-typography-text-font-weight ); text-align: var(--text-align);\">Josaf\u00e1 Sampaio (Boa Nova, BA)&nbsp;<br><\/span><span style=\"color: var( --e-global-color-text ); font-family: var( --e-global-typography-text-font-family ), Sans-serif; font-weight: var( --e-global-typography-text-font-weight ); text-align: var(--text-align); background-color: var(--base-3);\">Jos\u00e9 Batista dos Santos (Secretaria de Meio Ambiente, C\u00edcero Dantas, BA)&nbsp;<br><\/span><span style=\"color: var( --e-global-color-text ); font-family: var( --e-global-typography-text-font-family ), Sans-serif; font-weight: var( --e-global-typography-text-font-weight ); text-align: var(--text-align); background-color: var(--base-3);\">Jos\u00e9 Carlos Saraiva Neto (Guarda-Parque, PE Mata Seca, MG)&nbsp;<br><\/span><span style=\"color: var( --e-global-color-text ); font-family: var( --e-global-typography-text-font-family ), Sans-serif; font-weight: var( --e-global-typography-text-font-weight ); text-align: var(--text-align); background-color: var(--base-3);\">Jos\u00e9 Claudemiro Brand\u00e3o (Secretaria de Agricultura e Meio Ambiente, Jequi\u00e9, BA)&nbsp;<br><\/span><span style=\"color: var( --e-global-color-text ); font-family: var( --e-global-typography-text-font-family ), Sans-serif; font-weight: var( --e-global-typography-text-font-weight ); text-align: var(--text-align); background-color: var(--base-3);\">Jos\u00e9 Luiz Vieira (Gestor, PE Mata Seca, MG)&nbsp;<br><\/span><span style=\"color: var( --e-global-color-text ); font-family: var( --e-global-typography-text-font-family ), Sans-serif; font-weight: var( --e-global-typography-text-font-weight ); text-align: var(--text-align); background-color: var(--base-3);\">Jos\u00e9 Roberto Batista dos Santos (Guarda-Parque, PE Morro do Chap\u00e9u, BA)&nbsp;<br><\/span><span style=\"background-color: var(--base-3); color: var( --e-global-color-text ); font-family: var( --e-global-typography-text-font-family ), Sans-serif; font-weight: var( --e-global-typography-text-font-weight ); text-align: var(--text-align);\">Jos\u00e9 Wilmington Paes Landim Ribeiro (Gestor, PARNA Serra das Confus\u00f5es, PI)&nbsp;<br><\/span><span style=\"background-color: var(--base-3); color: var( --e-global-color-text ); font-family: var( --e-global-typography-text-font-family ), Sans-serif; font-weight: var( --e-global-typography-text-font-weight ); text-align: var(--text-align);\">J\u00falio Filho (Guarda-Parque, PARNA Serra da Capivara, PI)&nbsp;<br><\/span><span style=\"background-color: var(--base-3); color: var( --e-global-color-text ); font-family: var( --e-global-typography-text-font-family ), Sans-serif; font-weight: var( --e-global-typography-text-font-weight ); text-align: var(--text-align);\">Laissa Viana (IEF-MG)&nbsp;<br><\/span><span style=\"background-color: var(--base-3); color: var( --e-global-color-text ); font-family: var( --e-global-typography-text-font-family ), Sans-serif; font-weight: var( --e-global-typography-text-font-weight ); text-align: var(--text-align);\">Laurentino Duarte de Assun\u00e7\u00e3o (MS)&nbsp;<br><\/span><span style=\"background-color: var(--base-3); color: var( --e-global-color-text ); font-family: var( --e-global-typography-text-font-family ), Sans-serif; font-weight: var( --e-global-typography-text-font-weight ); text-align: var(--text-align);\">L\u00e9ia Lobo de Souza Carvalho (Gestora, Parque Nacional de Boa Nova, BA)&nbsp;<br><\/span><span style=\"color: var( --e-global-color-text ); font-family: var( --e-global-typography-text-font-family ), Sans-serif; font-weight: var( --e-global-typography-text-font-weight ); text-align: var(--text-align); background-color: var(--base-3);\">Len\u00e1rio Silva Oliveira (Guarda-Parque, PE Veredas do Perua\u00e7u, MG)&nbsp;<br><\/span><span style=\"color: var( --e-global-color-text ); font-family: var( --e-global-typography-text-font-family ), Sans-serif; font-weight: var( --e-global-typography-text-font-weight ); text-align: var(--text-align); background-color: var(--base-3);\">Liana Mara Mendes de Sena (RN)&nbsp;<br><\/span><span style=\"background-color: var(--base-3); color: var( --e-global-color-text ); font-family: var( --e-global-typography-text-font-family ), Sans-serif; font-weight: var( --e-global-typography-text-font-weight ); text-align: var(--text-align);\">Lilian Almeida (ICMBio)&nbsp;<br><\/span><span style=\"color: var( --e-global-color-text ); font-family: var( --e-global-typography-text-font-family ), Sans-serif; font-weight: var( --e-global-typography-text-font-weight ); text-align: var(--text-align); background-color: var(--base-3);\">Luiz Cezar Machado Pereira (UNIVASF, BA)&nbsp;<br><\/span><span style=\"color: var( --e-global-color-text ); font-family: var( --e-global-typography-text-font-family ), Sans-serif; font-weight: var( --e-global-typography-text-font-weight ); text-align: var(--text-align); background-color: var(--base-3);\">Mairton do Nascimento Alves (Secretaria de Meio Ambiente, Corrente, PI)&nbsp;<br><\/span><span style=\"color: var( --e-global-color-text ); font-family: var( --e-global-typography-text-font-family ), Sans-serif; font-weight: var( --e-global-typography-text-font-weight ); text-align: var(--text-align); background-color: var(--base-3);\">Manoel Messias (Secretaria de Meio Ambiente, C\u00edcero Dantas, BA)&nbsp;<br><\/span><span style=\"color: var( --e-global-color-text ); font-family: var( --e-global-typography-text-font-family ), Sans-serif; font-weight: var( --e-global-typography-text-font-weight ); text-align: var(--text-align); background-color: var(--base-3);\">Marcelo Freire Moro (UFC, CE)&nbsp;<br><\/span><span style=\"color: var( --e-global-color-text ); font-family: var( --e-global-typography-text-font-family ), Sans-serif; font-weight: var( --e-global-typography-text-font-weight ); text-align: var(--text-align); background-color: var(--base-3);\">M\u00e1rcio Adriano Carneiro Rocha (Guarda-Parque, PE Morro do Chap\u00e9u, BA)&nbsp;<br><\/span><span style=\"color: var( --e-global-color-text ); font-family: var( --e-global-typography-text-font-family ), Sans-serif; font-weight: var( --e-global-typography-text-font-weight ); text-align: var(--text-align); background-color: var(--base-3);\">Maria de F\u00e1tima Barbosa (UNIVASF, BA)&nbsp;<br><\/span><span style=\"color: var( --e-global-color-text ); font-family: var( --e-global-typography-text-font-family ), Sans-serif; font-weight: var( --e-global-typography-text-font-weight ); text-align: var(--text-align); background-color: var(--base-3);\">Maria Ot\u00e1via Crepaldi (IP\u00ca, BA)&nbsp;<br><\/span><span style=\"color: var( --e-global-color-text ); font-family: var( --e-global-typography-text-font-family ), Sans-serif; font-weight: var( --e-global-typography-text-font-weight ); text-align: var(--text-align); background-color: var(--base-3);\">Marian Helen da Silva Gomes Rodrigues (Gestora, PARNA Serra da Capivara, PI)&nbsp;<br><\/span><span style=\"color: var( --e-global-color-text ); font-family: var( --e-global-typography-text-font-family ), Sans-serif; font-weight: var( --e-global-typography-text-font-weight ); text-align: var(--text-align); background-color: var(--base-3);\">Mariano Neto Ferreira de Jesus (Boqueir\u00e3o da On\u00e7a, BA)&nbsp;<br><\/span><span style=\"color: var( --e-global-color-text ); font-family: var( --e-global-typography-text-font-family ), Sans-serif; font-weight: var( --e-global-typography-text-font-weight ); text-align: var(--text-align); background-color: var(--base-3);\">Mariella Butti de Freitas Guilherme (ICMBio CENAP)&nbsp;<br><\/span><span style=\"color: var( --e-global-color-text ); font-family: var( --e-global-typography-text-font-family ), Sans-serif; font-weight: var( --e-global-typography-text-font-weight ); text-align: var(--text-align); background-color: var(--base-3);\">Marina Massagardi (Everest Fundraising, SP)&nbsp;<br><\/span><span style=\"color: var( --e-global-color-text ); font-family: var( --e-global-typography-text-font-family ), Sans-serif; font-weight: var( --e-global-typography-text-font-weight ); text-align: var(--text-align); background-color: var(--base-3);\">M\u00e1rio Carlos (Secretaria de Meio Ambiente, C\u00edcero Dantas, BA)&nbsp;<br><\/span><span style=\"color: var( --e-global-color-text ); font-family: var( --e-global-typography-text-font-family ), Sans-serif; font-weight: var( --e-global-typography-text-font-weight ); text-align: var(--text-align); background-color: var(--base-3);\">M\u00e1rio Jorge Cardoso de Oliveira (CHESF, BA)&nbsp;<br><\/span><span style=\"color: var( --e-global-color-text ); font-family: var( --e-global-typography-text-font-family ), Sans-serif; font-weight: var( --e-global-typography-text-font-weight ); text-align: var(--text-align); background-color: var(--base-3);\">Mateus Almeida (Gestor, PE Morro do Chap\u00e9u, BA)&nbsp;<br><\/span><span style=\"background-color: var(--base-3); color: var( --e-global-color-text ); font-family: var( --e-global-typography-text-font-family ), Sans-serif; font-weight: var( --e-global-typography-text-font-weight ); text-align: var(--text-align);\">Mateus Carvalho (Puera Consultoria)&nbsp;<br><\/span><span style=\"background-color: var(--base-3); color: var( --e-global-color-text ); font-family: var( --e-global-typography-text-font-family ), Sans-serif; font-weight: var( --e-global-typography-text-font-weight ); text-align: var(--text-align);\">M\u00e9rcia Ferreira de Souza (Casa Nova, BA)&nbsp;<br><\/span><span style=\"background-color: var(--base-3); color: var( --e-global-color-text ); font-family: var( --e-global-typography-text-font-family ), Sans-serif; font-weight: var( --e-global-typography-text-font-weight ); text-align: var(--text-align);\">Milton Nunes (Secretaria de Meio Ambiente, C\u00edcero Dantas, BA)&nbsp;<br><\/span><span style=\"color: var( --e-global-color-text ); font-family: var( --e-global-typography-text-font-family ), Sans-serif; font-weight: var( --e-global-typography-text-font-weight ); text-align: var(--text-align); background-color: var(--base-3);\">M\u00f4nica Nunes (Conex\u00e3o Planeta)&nbsp;<br><\/span><span style=\"color: var( --e-global-color-text ); font-family: var( --e-global-typography-text-font-family ), Sans-serif; font-weight: var( --e-global-typography-text-font-weight ); text-align: var(--text-align); background-color: var(--base-3);\">Natasha Olsen (Ciclo Vivo)&nbsp;<br><\/span><span style=\"color: var( --e-global-color-text ); font-family: var( --e-global-typography-text-font-family ), Sans-serif; font-weight: var( --e-global-typography-text-font-weight ); text-align: var(--text-align); background-color: var(--base-3);\">Neri Pereira da Trindade (Guarda-Parque, PARNA Serra das Confus\u00f5es, PI)&nbsp;<br><\/span><span style=\"background-color: var(--base-3); color: var( --e-global-color-text ); font-family: var( --e-global-typography-text-font-family ), Sans-serif; font-weight: var( --e-global-typography-text-font-weight ); text-align: var(--text-align);\">Ol\u00edvio da Silva Brito (Guarda-Parque, PE Morro do Chap\u00e9u, BA)&nbsp;<br><\/span><span style=\"color: var( --e-global-color-text ); font-family: var( --e-global-typography-text-font-family ), Sans-serif; font-weight: var( --e-global-typography-text-font-weight ); text-align: var(--text-align); background-color: var(--base-3);\">Osmar Borges (ICMBio Paulo Afonso, BA)&nbsp;<br><\/span><span style=\"background-color: var(--base-3); color: var( --e-global-color-text ); font-family: var( --e-global-typography-text-font-family ), Sans-serif; font-weight: var( --e-global-typography-text-font-weight ); text-align: var(--text-align);\">Patricia Avello Nicola (UNIVASF, BA)&nbsp;<br><\/span><span style=\"color: var( --e-global-color-text ); font-family: var( --e-global-typography-text-font-family ), Sans-serif; font-weight: var( --e-global-typography-text-font-weight ); text-align: var(--text-align); background-color: var(--base-3);\">Paula Piccin (IP\u00ca, SP)&nbsp;<br><\/span><span style=\"color: var( --e-global-color-text ); font-family: var( --e-global-typography-text-font-family ), Sans-serif; font-weight: var( --e-global-typography-text-font-weight ); text-align: var(--text-align); background-color: var(--base-3);\">Paulo C\u00e9sar Davila Fernandes (UNEB, BA)&nbsp;<br><\/span><span style=\"color: var( --e-global-color-text ); font-family: var( --e-global-typography-text-font-family ), Sans-serif; font-weight: var( --e-global-typography-text-font-weight ); text-align: var(--text-align); background-color: var(--base-3);\">Paulo Henrique Marinho (Escola T\u00e9cnica Aracati, CE)&nbsp;<br><\/span><span style=\"color: var( --e-global-color-text ); font-family: var( --e-global-typography-text-font-family ), Sans-serif; font-weight: var( --e-global-typography-text-font-weight ); text-align: var(--text-align); background-color: var(--base-3);\">Rafael Ruas Martins (Carbonext)&nbsp;<br><\/span><span style=\"color: var( --e-global-color-text ); font-family: var( --e-global-typography-text-font-family ), Sans-serif; font-weight: var( --e-global-typography-text-font-weight ); text-align: var(--text-align); background-color: var(--base-3);\">Raimundo Cezar Dourado (Guarda-Parque, PE Mata Seca, MG)&nbsp;<br><\/span><span style=\"color: var( --e-global-color-text ); font-family: var( --e-global-typography-text-font-family ), Sans-serif; font-weight: var( --e-global-typography-text-font-weight ); text-align: var(--text-align); background-color: var(--base-3);\">Raphael de Oliveira (SP)&nbsp;<br><\/span><span style=\"color: var( --e-global-color-text ); font-family: var( --e-global-typography-text-font-family ), Sans-serif; font-weight: var( --e-global-typography-text-font-weight ); text-align: var(--text-align); background-color: var(--base-3);\">Roberta Paolino Montanheiro (LEMaC, ESALQ-USP)&nbsp;<br><\/span><span style=\"color: var( --e-global-color-text ); font-family: var( --e-global-typography-text-font-family ), Sans-serif; font-weight: var( --e-global-typography-text-font-weight ); text-align: var(--text-align); background-color: var(--base-3);\">Roberto Hoffmann Palmieri (EKOS)&nbsp;<br><\/span><span style=\"color: var( --e-global-color-text ); font-family: var( --e-global-typography-text-font-family ), Sans-serif; font-weight: var( --e-global-typography-text-font-weight ); text-align: var(--text-align); background-color: var(--base-3);\">Rog\u00e9rio Cunha de Paula (ICMBio CENAP)&nbsp;<br><\/span><span style=\"color: var( --e-global-color-text ); font-family: var( --e-global-typography-text-font-family ), Sans-serif; font-weight: var( --e-global-typography-text-font-weight ); text-align: var(--text-align); background-color: var(--base-3);\">Saturnino Rodrigo Neto (Guarda-Parque, PE Lagoa do Cajueiro, MG)&nbsp;<br><\/span><span style=\"color: var( --e-global-color-text ); font-family: var( --e-global-typography-text-font-family ), Sans-serif; font-weight: var( --e-global-typography-text-font-weight ); text-align: var(--text-align); background-color: var(--base-3);\">S\u00e9rgio Siqueira (UESB, BA)&nbsp;<br><\/span><span style=\"color: var( --e-global-color-text ); font-family: var( --e-global-typography-text-font-family ), Sans-serif; font-weight: var( --e-global-typography-text-font-weight ); text-align: var(--text-align); background-color: var(--base-3);\">Sinvaldo Marinho Xavier (Guarda-Parque, PE Veredas do Perua\u00e7u, MG)&nbsp;<br><\/span><span style=\"color: var( --e-global-color-text ); font-family: var( --e-global-typography-text-font-family ), Sans-serif; font-weight: var( --e-global-typography-text-font-weight ); text-align: var(--text-align); background-color: var(--base-3);\">Thiago Vieira da Silveira (Guarda-Parque, PE Verde Grande, MG)&nbsp;<br><\/span><span style=\"color: var( --e-global-color-text ); font-family: var( --e-global-typography-text-font-family ), Sans-serif; font-weight: var( --e-global-typography-text-font-weight ); text-align: var(--text-align); background-color: var(--base-3);\">Thiago Filadelfo (Projeto Arara Azul de Lear)&nbsp;<br><\/span><span style=\"color: var( --e-global-color-text ); font-family: var( --e-global-typography-text-font-family ), Sans-serif; font-weight: var( --e-global-typography-text-font-weight ); text-align: var(--text-align); background-color: var(--base-3);\">Thiago Massagardi (Everest Fundraising, SP)&nbsp;<br><\/span><span style=\"background-color: var(--base-3); color: var( --e-global-color-text ); font-family: var( --e-global-typography-text-font-family ), Sans-serif; font-weight: var( --e-global-typography-text-font-weight ); text-align: var(--text-align);\">Thiago Vieira de Arag\u00e3o (CHESF, BA)&nbsp;<br><\/span><span style=\"color: var( --e-global-color-text ); font-family: var( --e-global-typography-text-font-family ), Sans-serif; font-weight: var( --e-global-typography-text-font-weight ); text-align: var(--text-align); background-color: var(--base-3);\">Valmir D\u00e2maso de Almeida J\u00fanior (Secretaria de Meio Ambiente, Barreiras, BA)&nbsp;<br><\/span><span style=\"color: var( --e-global-color-text ); font-family: var( --e-global-typography-text-font-family ), Sans-serif; font-weight: var( --e-global-typography-text-font-weight ); text-align: var(--text-align); background-color: var(--base-3);\">Victor Bitencourt (Secretaria de Meio Ambiente, C\u00edcero Dantas, BA)&nbsp;<br><\/span><span style=\"color: var( --e-global-color-text ); font-family: var( --e-global-typography-text-font-family ), Sans-serif; font-weight: var( --e-global-typography-text-font-weight ); text-align: var(--text-align); background-color: var(--base-3);\">Vilene Lopes Concei\u00e7\u00e3o (Guarda-Parque, PE Veredas do Perua\u00e7u, MG)&nbsp;<br><\/span><span style=\"color: var( --e-global-color-text ); font-family: var( --e-global-typography-text-font-family ), Sans-serif; font-weight: var( --e-global-typography-text-font-weight ); text-align: var(--text-align); background-color: var(--base-3);\">Weber Gir\u00e3o (Aquasis, CE)&nbsp;<br><\/span><span style=\"color: var( --e-global-color-text ); font-family: var( --e-global-typography-text-font-family ), Sans-serif; font-weight: var( --e-global-typography-text-font-weight ); text-align: var(--text-align); background-color: var(--base-3);\">Wesley Manoel Silva Santos (BA)&nbsp;<\/span><\/p>\n<p><\/p>\n<p><strong>CROWDFUNDING&nbsp;DONORS CAATINGA EXPEDITION &#8211; IN SEARCH OF THE LOST TAPIR, BY INCAB<\/strong><\/p>\n<p><\/p>\n<p>AAZK Milwaukee Chapter (USA)&nbsp;&nbsp;<br>Adriana Castaldo Colosio&nbsp;&nbsp;<br>Aiden Luo&nbsp;<br>Alberto Mendoza&nbsp;<br>Alexandra Tiso Cumerlato&nbsp;&nbsp;<br>Alexandre Bossi&nbsp;&nbsp;<br>Alfia Wallace&nbsp;&nbsp;<br>Amarildo Clemente&nbsp;<br><span style=\"color: var( --e-global-color-text ); font-family: var( --e-global-typography-text-font-family ), Sans-serif; font-weight: var( --e-global-typography-text-font-weight ); text-align: var(--text-align); background-color: var(--base-3);\">Ana Maria Meira Bethlem&nbsp;<br><\/span><span style=\"color: var( --e-global-color-text ); font-family: var( --e-global-typography-text-font-family ), Sans-serif; font-weight: var( --e-global-typography-text-font-weight ); text-align: var(--text-align); background-color: var(--base-3);\">Ana Solis&nbsp;&nbsp;<br><\/span><span style=\"color: var( --e-global-color-text ); font-family: var( --e-global-typography-text-font-family ), Sans-serif; font-weight: var( --e-global-typography-text-font-weight ); text-align: var(--text-align); background-color: var(--base-3);\">Analidia Faria Peres&nbsp;<br><\/span><span style=\"color: var( --e-global-color-text ); font-family: var( --e-global-typography-text-font-family ), Sans-serif; font-weight: var( --e-global-typography-text-font-weight ); text-align: var(--text-align); background-color: var(--base-3);\">Andr\u00e9 Ara\u00fajo&nbsp;<br><\/span><span style=\"color: var( --e-global-color-text ); font-family: var( --e-global-typography-text-font-family ), Sans-serif; font-weight: var( --e-global-typography-text-font-weight ); text-align: var(--text-align); background-color: var(--base-3);\">Andr\u00e9 Wajsman&nbsp;<br><\/span><span style=\"color: var( --e-global-color-text ); font-family: var( --e-global-typography-text-font-family ), Sans-serif; font-weight: var( --e-global-typography-text-font-weight ); text-align: var(--text-align); background-color: var(--base-3);\">Andr\u00e9a L\u00facia da Silva&nbsp;<br><\/span><span style=\"color: var( --e-global-color-text ); font-family: var( --e-global-typography-text-font-family ), Sans-serif; font-weight: var( --e-global-typography-text-font-weight ); text-align: var(--text-align); background-color: var(--base-3);\">Antonio Roberto Piccin&nbsp;&nbsp;<br><\/span><span style=\"color: var( --e-global-color-text ); font-family: var( --e-global-typography-text-font-family ), Sans-serif; font-weight: var( --e-global-typography-text-font-weight ); text-align: var(--text-align); background-color: var(--base-3);\">Ariadne Tuckmantel&nbsp;<br><\/span><span style=\"color: var( --e-global-color-text ); font-family: var( --e-global-typography-text-font-family ), Sans-serif; font-weight: var( --e-global-typography-text-font-weight ); text-align: var(--text-align); background-color: var(--base-3);\">Arianne van den Boogaard&nbsp;<br><\/span><span style=\"color: var( --e-global-color-text ); font-family: var( --e-global-typography-text-font-family ), Sans-serif; font-weight: var( --e-global-typography-text-font-weight ); text-align: var(--text-align); background-color: var(--base-3);\">Aude Desmoulins and Franck Haelewyn&nbsp;<br><\/span><span style=\"color: var( --e-global-color-text ); font-family: var( --e-global-typography-text-font-family ), Sans-serif; font-weight: var( --e-global-typography-text-font-weight ); text-align: var(--text-align); background-color: var(--base-3);\">Bartolomeu Dutra de Carvalho Neto&nbsp;&nbsp;<br><\/span><span style=\"color: var( --e-global-color-text ); font-family: var( --e-global-typography-text-font-family ), Sans-serif; font-weight: var( --e-global-typography-text-font-weight ); text-align: var(--text-align); background-color: var(--base-3);\">Bruno Saranholi&nbsp;&nbsp;<br><\/span><span style=\"color: var( --e-global-color-text ); font-family: var( --e-global-typography-text-font-family ), Sans-serif; font-weight: var( --e-global-typography-text-font-weight ); text-align: var(--text-align); background-color: var(--base-3);\">Carina Rodrigues Silva&nbsp;<br><\/span><span style=\"color: var( --e-global-color-text ); font-family: var( --e-global-typography-text-font-family ), Sans-serif; font-weight: var( --e-global-typography-text-font-weight ); text-align: var(--text-align); background-color: var(--base-3);\">Carla Schmitzberger&nbsp;<br><\/span><span style=\"color: var( --e-global-color-text ); font-family: var( --e-global-typography-text-font-family ), Sans-serif; font-weight: var( --e-global-typography-text-font-weight ); text-align: var(--text-align); background-color: var(--base-3);\">Carol and Mark Reid&nbsp;&nbsp;<br><\/span><span style=\"color: var( --e-global-color-text ); font-family: var( --e-global-typography-text-font-family ), Sans-serif; font-weight: var( --e-global-typography-text-font-weight ); text-align: var(--text-align); background-color: var(--base-3);\">Carolina Chagas, Jo\u00e3o Oswaldo Leiva e fam\u00edlia&nbsp;&nbsp;<br><\/span><span style=\"color: var( --e-global-color-text ); font-family: var( --e-global-typography-text-font-family ), Sans-serif; font-weight: var( --e-global-typography-text-font-weight ); text-align: var(--text-align); background-color: var(--base-3);\">Carolina Carvalho Cheida&nbsp;<br><\/span><span style=\"color: var( --e-global-color-text ); font-family: var( --e-global-typography-text-font-family ), Sans-serif; font-weight: var( --e-global-typography-text-font-weight ); text-align: var(--text-align); background-color: var(--base-3);\">Caroline Testa Jos\u00e9&nbsp;<br><\/span><span style=\"color: var( --e-global-color-text ); font-family: var( --e-global-typography-text-font-family ), Sans-serif; font-weight: var( --e-global-typography-text-font-weight ); text-align: var(--text-align); background-color: var(--base-3);\">Caroline Weissheimer Costa Gomes&nbsp;<br><\/span><span style=\"color: var( --e-global-color-text ); font-family: var( --e-global-typography-text-font-family ), Sans-serif; font-weight: var( --e-global-typography-text-font-weight ); text-align: var(--text-align); background-color: var(--base-3);\">Cathy Granholm&nbsp;<br><\/span><span style=\"color: var( --e-global-color-text ); font-family: var( --e-global-typography-text-font-family ), Sans-serif; font-weight: var( --e-global-typography-text-font-weight ); text-align: var(--text-align); background-color: var(--base-3);\">Chris Mitchell&nbsp;&nbsp;<br><\/span><span style=\"color: var( --e-global-color-text ); font-family: var( --e-global-typography-text-font-family ), Sans-serif; font-weight: var( --e-global-typography-text-font-weight ); text-align: var(--text-align); background-color: var(--base-3);\">Cl\u00e1udia Auferodt&nbsp;&nbsp;<br><\/span><span style=\"color: var( --e-global-color-text ); font-family: var( --e-global-typography-text-font-family ), Sans-serif; font-weight: var( --e-global-typography-text-font-weight ); text-align: var(--text-align); background-color: var(--base-3);\">Claudia Frese&nbsp;<br><\/span><span style=\"color: var( --e-global-color-text ); font-family: var( --e-global-typography-text-font-family ), Sans-serif; font-weight: var( --e-global-typography-text-font-weight ); text-align: var(--text-align); background-color: var(--base-3);\">Colleen Tait&nbsp;<br><\/span><span style=\"color: var( --e-global-color-text ); font-family: var( --e-global-typography-text-font-family ), Sans-serif; font-weight: var( --e-global-typography-text-font-weight ); text-align: var(--text-align); background-color: var(--base-3);\">Cristina Rappa&nbsp;<br><\/span><span style=\"color: var( --e-global-color-text ); font-family: var( --e-global-typography-text-font-family ), Sans-serif; font-weight: var( --e-global-typography-text-font-weight ); text-align: var(--text-align); background-color: var(--base-3);\">Cristina T\u00f3foli&nbsp;&nbsp;<br><\/span><span style=\"color: var( --e-global-color-text ); font-family: var( --e-global-typography-text-font-family ), Sans-serif; font-weight: var( --e-global-typography-text-font-weight ); text-align: var(--text-align); background-color: var(--base-3);\">Cyra Malta&nbsp;<br><\/span><span style=\"color: var( --e-global-color-text ); font-family: var( --e-global-typography-text-font-family ), Sans-serif; font-weight: var( --e-global-typography-text-font-weight ); text-align: var(--text-align); background-color: var(--base-3);\">Diane Ledder&nbsp;<br><\/span><span style=\"color: var( --e-global-color-text ); font-family: var( --e-global-typography-text-font-family ), Sans-serif; font-weight: var( --e-global-typography-text-font-weight ); text-align: var(--text-align); background-color: var(--base-3);\">Diogo Luis Lucatelli Doria Santana&nbsp;<br><\/span><span style=\"color: var( --e-global-color-text ); font-family: var( --e-global-typography-text-font-family ), Sans-serif; font-weight: var( --e-global-typography-text-font-weight ); text-align: var(--text-align); background-color: var(--base-3);\">Donna Dee&nbsp;<br><\/span><span style=\"color: var( --e-global-color-text ); font-family: var( --e-global-typography-text-font-family ), Sans-serif; font-weight: var( --e-global-typography-text-font-weight ); text-align: var(--text-align); background-color: var(--base-3);\">Doroth\u00e9e Ordonneau&nbsp;<br><\/span><span style=\"color: var( --e-global-color-text ); font-family: var( --e-global-typography-text-font-family ), Sans-serif; font-weight: var( --e-global-typography-text-font-weight ); text-align: var(--text-align); background-color: var(--base-3);\">Eduardo Almeida Ruivo dos Santos&nbsp;&nbsp;<br><\/span><span style=\"color: var( --e-global-color-text ); font-family: var( --e-global-typography-text-font-family ), Sans-serif; font-weight: var( --e-global-typography-text-font-weight ); text-align: var(--text-align); background-color: var(--base-3);\">Elias Pinheiro&nbsp;&nbsp;<br><\/span><span style=\"color: var( --e-global-color-text ); font-family: var( --e-global-typography-text-font-family ), Sans-serif; font-weight: var( --e-global-typography-text-font-weight ); text-align: var(--text-align); background-color: var(--base-3);\">Elisandro Santos&nbsp;<br><\/span><span style=\"color: var( --e-global-color-text ); font-family: var( --e-global-typography-text-font-family ), Sans-serif; font-weight: var( --e-global-typography-text-font-weight ); text-align: var(--text-align); background-color: var(--base-3);\">Emmanuel Mouton&nbsp;&nbsp;<br><\/span><span style=\"color: var( --e-global-color-text ); font-family: var( --e-global-typography-text-font-family ), Sans-serif; font-weight: var( --e-global-typography-text-font-weight ); text-align: var(--text-align); background-color: var(--base-3);\">Felipe M. Pait&nbsp;<br><\/span><span style=\"background-color: var(--base-3); color: var( --e-global-color-text ); font-family: var( --e-global-typography-text-font-family ), Sans-serif; font-weight: var( --e-global-typography-text-font-weight ); text-align: var(--text-align);\">Felipe Viana Manzano&nbsp;&nbsp;<br><\/span><span style=\"color: var( --e-global-color-text ); font-family: var( --e-global-typography-text-font-family ), Sans-serif; font-weight: var( --e-global-typography-text-font-weight ); text-align: var(--text-align); background-color: var(--base-3);\">Fernanda Abra&nbsp;<br><\/span><span style=\"color: var( --e-global-color-text ); font-family: var( --e-global-typography-text-font-family ), Sans-serif; font-weight: var( --e-global-typography-text-font-weight ); text-align: var(--text-align); background-color: var(--base-3);\">Fernanda Higashi de Vasconcelos&nbsp;<br><\/span><span style=\"color: var( --e-global-color-text ); font-family: var( --e-global-typography-text-font-family ), Sans-serif; font-weight: var( --e-global-typography-text-font-weight ); text-align: var(--text-align); background-color: var(--base-3);\">Flavia Bannister&nbsp;<br><\/span><span style=\"color: var( --e-global-color-text ); font-family: var( --e-global-typography-text-font-family ), Sans-serif; font-weight: var( --e-global-typography-text-font-weight ); text-align: var(--text-align); background-color: var(--base-3);\">Friends of Bergen County Zoo (USA)&nbsp;&nbsp;<br><\/span><span style=\"color: var( --e-global-color-text ); font-family: var( --e-global-typography-text-font-family ), Sans-serif; font-weight: var( --e-global-typography-text-font-weight ); text-align: var(--text-align); background-color: var(--base-3);\">Gabriela Cabral Rezende&nbsp;<br><\/span><span style=\"color: var( --e-global-color-text ); font-family: var( --e-global-typography-text-font-family ), Sans-serif; font-weight: var( --e-global-typography-text-font-weight ); text-align: var(--text-align); background-color: var(--base-3);\">Geruza Paiva&nbsp;&nbsp;<br><\/span><span style=\"color: var( --e-global-color-text ); font-family: var( --e-global-typography-text-font-family ), Sans-serif; font-weight: var( --e-global-typography-text-font-weight ); text-align: var(--text-align); background-color: var(--base-3);\">Gilberto Casta\u00f1eda&nbsp;<br><\/span><span style=\"color: var( --e-global-color-text ); font-family: var( --e-global-typography-text-font-family ), Sans-serif; font-weight: var( --e-global-typography-text-font-weight ); text-align: var(--text-align); background-color: var(--base-3);\">Gilia Angell&nbsp;&nbsp;<br><\/span><span style=\"background-color: var(--base-3); color: var( --e-global-color-text ); font-family: var( --e-global-typography-text-font-family ), Sans-serif; font-weight: var( --e-global-typography-text-font-weight ); text-align: var(--text-align);\">Gleidson Bertho Silva&nbsp;&nbsp;<br><\/span><span style=\"color: var( --e-global-color-text ); font-family: var( --e-global-typography-text-font-family ), Sans-serif; font-weight: var( --e-global-typography-text-font-weight ); text-align: var(--text-align); background-color: var(--base-3);\">Harmony Frazier and Michael Breen&nbsp;<br><\/span><span style=\"color: var( --e-global-color-text ); font-family: var( --e-global-typography-text-font-family ), Sans-serif; font-weight: var( --e-global-typography-text-font-weight ); text-align: var(--text-align); background-color: var(--base-3);\">Hugo Fernandes Ferreira&nbsp;&nbsp;<br><\/span><span style=\"color: var( --e-global-color-text ); font-family: var( --e-global-typography-text-font-family ), Sans-serif; font-weight: var( --e-global-typography-text-font-weight ); text-align: var(--text-align); background-color: var(--base-3);\">Igor Rodrigues&nbsp;<br><\/span><span style=\"color: var( --e-global-color-text ); font-family: var( --e-global-typography-text-font-family ), Sans-serif; font-weight: var( --e-global-typography-text-font-weight ); text-align: var(--text-align); background-color: var(--base-3);\">Iris de Miranda&nbsp;&nbsp;<br><\/span><span style=\"background-color: var(--base-3); color: var( --e-global-color-text ); font-family: var( --e-global-typography-text-font-family ), Sans-serif; font-weight: var( --e-global-typography-text-font-weight ); text-align: var(--text-align);\">James Cork&nbsp;&nbsp;<br><\/span><span style=\"background-color: var(--base-3); color: var( --e-global-color-text ); font-family: var( --e-global-typography-text-font-family ), Sans-serif; font-weight: var( --e-global-typography-text-font-weight ); text-align: var(--text-align);\">Jamie Eaton&nbsp;&nbsp;<br><\/span><span style=\"color: var( --e-global-color-text ); font-family: var( --e-global-typography-text-font-family ), Sans-serif; font-weight: var( --e-global-typography-text-font-weight ); text-align: var(--text-align); background-color: var(--base-3);\">Janell Cannon&nbsp;&nbsp;<br><\/span><span style=\"color: var( --e-global-color-text ); font-family: var( --e-global-typography-text-font-family ), Sans-serif; font-weight: var( --e-global-typography-text-font-weight ); text-align: var(--text-align); background-color: var(--base-3);\">Janice Hazlehurst&nbsp;<br><\/span><span style=\"color: var( --e-global-color-text ); font-family: var( --e-global-typography-text-font-family ), Sans-serif; font-weight: var( --e-global-typography-text-font-weight ); text-align: var(--text-align); background-color: var(--base-3);\">Jasmin Seeberger&nbsp;<br><\/span><span style=\"color: var( --e-global-color-text ); font-family: var( --e-global-typography-text-font-family ), Sans-serif; font-weight: var( --e-global-typography-text-font-weight ); text-align: var(--text-align); background-color: var(--base-3);\">Jayme Moraes Aranha Filho&nbsp;&nbsp;<br><\/span><span style=\"color: var( --e-global-color-text ); font-family: var( --e-global-typography-text-font-family ), Sans-serif; font-weight: var( --e-global-typography-text-font-weight ); text-align: var(--text-align); background-color: var(--base-3);\">Jeffrey Flocken&nbsp;&nbsp;<br><\/span><span style=\"color: var( --e-global-color-text ); font-family: var( --e-global-typography-text-font-family ), Sans-serif; font-weight: var( --e-global-typography-text-font-weight ); text-align: var(--text-align); background-color: var(--base-3);\">Jennifer Camporini&nbsp;&nbsp;<br><\/span><span style=\"color: var( --e-global-color-text ); font-family: var( --e-global-typography-text-font-family ), Sans-serif; font-weight: var( --e-global-typography-text-font-weight ); text-align: var(--text-align); background-color: var(--base-3);\">Jeremy Bratt&nbsp;<br><\/span><span style=\"color: var( --e-global-color-text ); font-family: var( --e-global-typography-text-font-family ), Sans-serif; font-weight: var( --e-global-typography-text-font-weight ); text-align: var(--text-align); background-color: var(--base-3);\">Joana Von Lachmann Rizzo Soares&nbsp;<br><\/span><span style=\"color: var( --e-global-color-text ); font-family: var( --e-global-typography-text-font-family ), Sans-serif; font-weight: var( --e-global-typography-text-font-weight ); text-align: var(--text-align); background-color: var(--base-3);\">Joanne Luyster&nbsp;&nbsp;<br><\/span><span style=\"color: var( --e-global-color-text ); font-family: var( --e-global-typography-text-font-family ), Sans-serif; font-weight: var( --e-global-typography-text-font-weight ); text-align: var(--text-align); background-color: var(--base-3);\">Jo\u00e3o Francisco Coelho&nbsp;<br><\/span><span style=\"color: var( --e-global-color-text ); font-family: var( --e-global-typography-text-font-family ), Sans-serif; font-weight: var( --e-global-typography-text-font-weight ); text-align: var(--text-align); background-color: var(--base-3);\">Jo\u00e3o H. Rodrigues<br><\/span><span style=\"color: var( --e-global-color-text ); font-family: var( --e-global-typography-text-font-family ), Sans-serif; font-weight: var( --e-global-typography-text-font-weight ); text-align: var(--text-align); background-color: var(--base-3);\">Jo\u00e3o Marcos Rosa&nbsp;<br><\/span><span style=\"color: var( --e-global-color-text ); font-family: var( --e-global-typography-text-font-family ), Sans-serif; font-weight: var( --e-global-typography-text-font-weight ); text-align: var(--text-align); background-color: var(--base-3);\">Jo\u00e3o Paulo Leiva&nbsp;&nbsp;<br><\/span><span style=\"color: var( --e-global-color-text ); font-family: var( --e-global-typography-text-font-family ), Sans-serif; font-weight: var( --e-global-typography-text-font-weight ); text-align: var(--text-align); background-color: var(--base-3);\">Jorge Luiz Nunes Tavares&nbsp;<br><\/span><span style=\"color: var( --e-global-color-text ); font-family: var( --e-global-typography-text-font-family ), Sans-serif; font-weight: var( --e-global-typography-text-font-weight ); text-align: var(--text-align); background-color: var(--base-3);\">Jos\u00e9 Carlos Azevedo de Pinho&nbsp;<br><\/span><span style=\"background-color: var(--base-3); color: var( --e-global-color-text ); font-family: var( --e-global-typography-text-font-family ), Sans-serif; font-weight: var( --e-global-typography-text-font-weight ); text-align: var(--text-align);\">Jos\u00e9 Martins Quint\u00e3o&nbsp;&nbsp;<br><\/span><span style=\"color: var( --e-global-color-text ); font-family: var( --e-global-typography-text-font-family ), Sans-serif; font-weight: var( --e-global-typography-text-font-weight ); text-align: var(--text-align); background-color: var(--base-3);\">Jos\u00e9 Sabino&nbsp;<br><\/span><span style=\"color: var( --e-global-color-text ); font-family: var( --e-global-typography-text-font-family ), Sans-serif; font-weight: var( --e-global-typography-text-font-weight ); text-align: var(--text-align); background-color: var(--base-3);\">Juliana Avila Martins&nbsp;&nbsp;<br><\/span><span style=\"color: var( --e-global-color-text ); font-family: var( --e-global-typography-text-font-family ), Sans-serif; font-weight: var( --e-global-typography-text-font-weight ); text-align: var(--text-align); background-color: var(--base-3);\">Julio Curvo&nbsp;<br><\/span><span style=\"color: var( --e-global-color-text ); font-family: var( --e-global-typography-text-font-family ), Sans-serif; font-weight: var( --e-global-typography-text-font-weight ); text-align: var(--text-align); background-color: var(--base-3);\">Justin Purefoy&nbsp;<br><\/span><span style=\"color: var( --e-global-color-text ); font-family: var( --e-global-typography-text-font-family ), Sans-serif; font-weight: var( --e-global-typography-text-font-weight ); text-align: var(--text-align); background-color: var(--base-3);\">Katie McConnell&nbsp;<br><\/span><span style=\"color: var( --e-global-color-text ); font-family: var( --e-global-typography-text-font-family ), Sans-serif; font-weight: var( --e-global-typography-text-font-weight ); text-align: var(--text-align); background-color: var(--base-3);\">Keith Sproule&nbsp;&nbsp;<br><\/span><span style=\"color: var( --e-global-color-text ); font-family: var( --e-global-typography-text-font-family ), Sans-serif; font-weight: var( --e-global-typography-text-font-weight ); text-align: var(--text-align); background-color: var(--base-3);\">Kristin Leus&nbsp;&nbsp;<br><\/span><span style=\"color: var( --e-global-color-text ); font-family: var( --e-global-typography-text-font-family ), Sans-serif; font-weight: var( --e-global-typography-text-font-weight ); text-align: var(--text-align); background-color: var(--base-3);\">Laborat\u00f3rio de Biodiversidade Molecular \u2013 UFSCAR (Brazil)&nbsp;&nbsp;<br><\/span><span style=\"color: var( --e-global-color-text ); font-family: var( --e-global-typography-text-font-family ), Sans-serif; font-weight: var( --e-global-typography-text-font-weight ); text-align: var(--text-align); background-color: var(--base-3);\">Lara Zamparo Franco&nbsp;<br><\/span><span style=\"background-color: var(--base-3); color: var( --e-global-color-text ); font-family: var( --e-global-typography-text-font-family ), Sans-serif; font-weight: var( --e-global-typography-text-font-weight ); text-align: var(--text-align);\">Leda Shirley Rocha Volino&nbsp;<br><\/span><span style=\"color: var( --e-global-color-text ); font-family: var( --e-global-typography-text-font-family ), Sans-serif; font-weight: var( --e-global-typography-text-font-weight ); text-align: var(--text-align); background-color: var(--base-3);\">Leo Pasqualini de Andrade&nbsp;&nbsp;<br><\/span><span style=\"color: var( --e-global-color-text ); font-family: var( --e-global-typography-text-font-family ), Sans-serif; font-weight: var( --e-global-typography-text-font-weight ); text-align: var(--text-align); background-color: var(--base-3);\">Lilian Elaine Rampim&nbsp;&nbsp;<br><\/span><span style=\"color: var( --e-global-color-text ); font-family: var( --e-global-typography-text-font-family ), Sans-serif; font-weight: var( --e-global-typography-text-font-weight ); text-align: var(--text-align); background-color: var(--base-3);\">Manoel Delvo Bizerra dos Santos<br><\/span><span style=\"color: var( --e-global-color-text ); font-family: var( --e-global-typography-text-font-family ), Sans-serif; font-weight: var( --e-global-typography-text-font-weight ); text-align: var(--text-align); background-color: var(--base-3);\">Marcella Jairus&nbsp;<br><\/span><span style=\"background-color: var(--base-3); color: var( --e-global-color-text ); font-family: var( --e-global-typography-text-font-family ), Sans-serif; font-weight: var( --e-global-typography-text-font-weight ); text-align: var(--text-align);\">M\u00e1rcio Xavier de Oliveira&nbsp;<br><\/span><span style=\"background-color: var(--base-3); color: var( --e-global-color-text ); font-family: var( --e-global-typography-text-font-family ), Sans-serif; font-weight: var( --e-global-typography-text-font-weight ); text-align: var(--text-align);\">Maria J. S. A. Sousa&nbsp;&nbsp;<br><\/span><span style=\"background-color: var(--base-3); color: var( --e-global-color-text ); font-family: var( --e-global-typography-text-font-family ), Sans-serif; font-weight: var( --e-global-typography-text-font-weight ); text-align: var(--text-align);\">Mariana Santos&nbsp;&nbsp;<br><\/span><span style=\"background-color: var(--base-3); color: var( --e-global-color-text ); font-family: var( --e-global-typography-text-font-family ), Sans-serif; font-weight: var( --e-global-typography-text-font-weight ); text-align: var(--text-align);\">Marina Massagardi&nbsp;<br><\/span><span style=\"background-color: var(--base-3); color: var( --e-global-color-text ); font-family: var( --e-global-typography-text-font-family ), Sans-serif; font-weight: var( --e-global-typography-text-font-weight ); text-align: var(--text-align);\">Marina Moraes de Seixas&nbsp;<br><\/span><span style=\"background-color: var(--base-3); color: var( --e-global-color-text ); font-family: var( --e-global-typography-text-font-family ), Sans-serif; font-weight: var( --e-global-typography-text-font-weight ); text-align: var(--text-align);\">Mario Haberfeld&nbsp;&nbsp;<br><\/span><span style=\"background-color: var(--base-3); color: var( --e-global-color-text ); font-family: var( --e-global-typography-text-font-family ), Sans-serif; font-weight: var( --e-global-typography-text-font-weight ); text-align: var(--text-align);\">Matthias Laabs \u2013 Tapir APPs (Switzerland)&nbsp;&nbsp;<br><\/span><span style=\"background-color: var(--base-3); color: var( --e-global-color-text ); font-family: var( --e-global-typography-text-font-family ), Sans-serif; font-weight: var( --e-global-typography-text-font-weight ); text-align: var(--text-align);\">Moishe Shemtov&nbsp;<br><\/span><span style=\"background-color: var(--base-3); color: var( --e-global-color-text ); font-family: var( --e-global-typography-text-font-family ), Sans-serif; font-weight: var( --e-global-typography-text-font-weight ); text-align: var(--text-align);\">Nathalie and Nicolas Giauque<br><\/span><span style=\"background-color: var(--base-3); color: var( --e-global-color-text ); font-family: var( --e-global-typography-text-font-family ), Sans-serif; font-weight: var( --e-global-typography-text-font-weight ); text-align: var(--text-align);\">Nuernberg Zoo (Germany)&nbsp;&nbsp;<br><\/span><span style=\"background-color: var(--base-3); color: var( --e-global-color-text ); font-family: var( --e-global-typography-text-font-family ), Sans-serif; font-weight: var( --e-global-typography-text-font-weight ); text-align: var(--text-align);\">Olga Luc\u00eda Montenegro&nbsp;<br><\/span><span style=\"background-color: var(--base-3); color: var( --e-global-color-text ); font-family: var( --e-global-typography-text-font-family ), Sans-serif; font-weight: var( --e-global-typography-text-font-weight ); text-align: var(--text-align);\">Osmar Barreto Borges&nbsp;<br><\/span><span style=\"background-color: var(--base-3); color: var( --e-global-color-text ); font-family: var( --e-global-typography-text-font-family ), Sans-serif; font-weight: var( --e-global-typography-text-font-weight ); text-align: var(--text-align);\">Paradise Wildlife Park (United Kingdom)&nbsp;&nbsp;<br><\/span><span style=\"background-color: var(--base-3); color: var( --e-global-color-text ); font-family: var( --e-global-typography-text-font-family ), Sans-serif; font-weight: var( --e-global-typography-text-font-weight ); text-align: var(--text-align);\">Parco Natura Viva (Italy)&nbsp;&nbsp;<br><\/span><span style=\"background-color: var(--base-3); color: var( --e-global-color-text ); font-family: var( --e-global-typography-text-font-family ), Sans-serif; font-weight: var( --e-global-typography-text-font-weight ); text-align: var(--text-align);\">Parrot Wildlife Foundation (France)&nbsp;&nbsp;<br><\/span><span style=\"background-color: var(--base-3); color: var( --e-global-color-text ); font-family: var( --e-global-typography-text-font-family ), Sans-serif; font-weight: var( --e-global-typography-text-font-weight ); text-align: var(--text-align);\">Parrot World (France)&nbsp;&nbsp;<br><\/span><span style=\"background-color: var(--base-3); color: var( --e-global-color-text ); font-family: var( --e-global-typography-text-font-family ), Sans-serif; font-weight: var( --e-global-typography-text-font-weight ); text-align: var(--text-align);\">Patr\u00edcia Medici&nbsp;<br><\/span><span style=\"background-color: var(--base-3); color: var( --e-global-color-text ); font-family: var( --e-global-typography-text-font-family ), Sans-serif; font-weight: var( --e-global-typography-text-font-weight ); text-align: var(--text-align);\">Patrick Zehr&nbsp;<br><\/span><span style=\"color: var( --e-global-color-text ); font-family: var( --e-global-typography-text-font-family ), Sans-serif; font-weight: var( --e-global-typography-text-font-weight ); text-align: var(--text-align); background-color: var(--base-3);\">Paula Brugger Neves&nbsp;<br><\/span><span style=\"color: var( --e-global-color-text ); font-family: var( --e-global-typography-text-font-family ), Sans-serif; font-weight: var( --e-global-typography-text-font-weight ); text-align: var(--text-align); background-color: var(--base-3);\">Paula Piccin&nbsp;&nbsp;<br><\/span><span style=\"color: var( --e-global-color-text ); font-family: var( --e-global-typography-text-font-family ), Sans-serif; font-weight: var( --e-global-typography-text-font-weight ); text-align: var(--text-align); background-color: var(--base-3);\">Paulo Baptista&nbsp;<br><\/span><span style=\"color: var( --e-global-color-text ); font-family: var( --e-global-typography-text-font-family ), Sans-serif; font-weight: var( --e-global-typography-text-font-weight ); text-align: var(--text-align); background-color: var(--base-3);\">Pedro Galetti&nbsp;&nbsp;<br><\/span><span style=\"color: var( --e-global-color-text ); font-family: var( --e-global-typography-text-font-family ), Sans-serif; font-weight: var( --e-global-typography-text-font-weight ); text-align: var(--text-align); background-color: var(--base-3);\">Pl\u00ednio Ribeiro&nbsp;<br><\/span><span style=\"color: var( --e-global-color-text ); font-family: var( --e-global-typography-text-font-family ), Sans-serif; font-weight: var( --e-global-typography-text-font-weight ); text-align: var(--text-align); background-color: var(--base-3);\">Pola Franco&nbsp;<br><\/span><span style=\"color: var( --e-global-color-text ); font-family: var( --e-global-typography-text-font-family ), Sans-serif; font-weight: var( --e-global-typography-text-font-weight ); text-align: var(--text-align); background-color: var(--base-3);\">Renata Gon\u00e7alves Rocha&nbsp;<br><\/span><span style=\"color: var( --e-global-color-text ); font-family: var( --e-global-typography-text-font-family ), Sans-serif; font-weight: var( --e-global-typography-text-font-weight ); text-align: var(--text-align); background-color: var(--base-3);\">Renato de Giovanni&nbsp;&nbsp;<br><\/span><span style=\"color: var( --e-global-color-text ); font-family: var( --e-global-typography-text-font-family ), Sans-serif; font-weight: var( --e-global-typography-text-font-weight ); text-align: var(--text-align); background-color: var(--base-3);\">Rick Barongi&nbsp;&nbsp;<br><\/span><span style=\"color: var( --e-global-color-text ); font-family: var( --e-global-typography-text-font-family ), Sans-serif; font-weight: var( --e-global-typography-text-font-weight ); text-align: var(--text-align); background-color: var(--base-3);\">Robert H. Graham&nbsp;&nbsp;<br><\/span><span style=\"color: var( --e-global-color-text ); font-family: var( --e-global-typography-text-font-family ), Sans-serif; font-weight: var( --e-global-typography-text-font-weight ); text-align: var(--text-align); background-color: var(--base-3);\">Ronald Rosa&nbsp;<br><\/span><span style=\"color: var( --e-global-color-text ); font-family: var( --e-global-typography-text-font-family ), Sans-serif; font-weight: var( --e-global-typography-text-font-weight ); text-align: var(--text-align); background-color: var(--base-3);\">Ronald Urban&nbsp;<br><\/span><span style=\"color: var( --e-global-color-text ); font-family: var( --e-global-typography-text-font-family ), Sans-serif; font-weight: var( --e-global-typography-text-font-weight ); text-align: var(--text-align); background-color: var(--base-3);\">Ruth Hafen Ege&nbsp;<br><\/span><span style=\"color: var( --e-global-color-text ); font-family: var( --e-global-typography-text-font-family ), Sans-serif; font-weight: var( --e-global-typography-text-font-weight ); text-align: var(--text-align); background-color: var(--base-3);\">Sasha Kopf&nbsp;&nbsp;<br><\/span><span style=\"color: var( --e-global-color-text ); font-family: var( --e-global-typography-text-font-family ), Sans-serif; font-weight: var( --e-global-typography-text-font-weight ); text-align: var(--text-align); background-color: var(--base-3);\">Sheila Jean McNeill Ingham&nbsp;<br><\/span><span style=\"color: var( --e-global-color-text ); font-family: var( --e-global-typography-text-font-family ), Sans-serif; font-weight: var( --e-global-typography-text-font-weight ); text-align: var(--text-align); background-color: var(--base-3);\">Sidney Novoa&nbsp;&nbsp;<br><\/span><span style=\"color: var( --e-global-color-text ); font-family: var( --e-global-typography-text-font-family ), Sans-serif; font-weight: var( --e-global-typography-text-font-weight ); text-align: var(--text-align); background-color: var(--base-3);\">Silvana Canale Tiso&nbsp;<br><\/span><span style=\"color: var( --e-global-color-text ); font-family: var( --e-global-typography-text-font-family ), Sans-serif; font-weight: var( --e-global-typography-text-font-weight ); text-align: var(--text-align); background-color: var(--base-3);\">Solange Albernaz de Melo Bastos&nbsp;<br><\/span><span style=\"color: var( --e-global-color-text ); font-family: var( --e-global-typography-text-font-family ), Sans-serif; font-weight: var( --e-global-typography-text-font-weight ); text-align: var(--text-align); background-color: var(--base-3);\">SOS Pantanal (Brazil)<br><\/span><span style=\"color: var( --e-global-color-text ); font-family: var( --e-global-typography-text-font-family ), Sans-serif; font-weight: var( --e-global-typography-text-font-weight ); text-align: var(--text-align); background-color: var(--base-3);\">Stephanie Ober&nbsp;<br><\/span><span style=\"color: var( --e-global-color-text ); font-family: var( --e-global-typography-text-font-family ), Sans-serif; font-weight: var( --e-global-typography-text-font-weight ); text-align: var(--text-align); background-color: var(--base-3);\">Susan and John Ealer&nbsp;<br><\/span><span style=\"color: var( --e-global-color-text ); font-family: var( --e-global-typography-text-font-family ), Sans-serif; font-weight: var( --e-global-typography-text-font-weight ); text-align: var(--text-align); background-color: var(--base-3);\">Sybilla Balkanski&nbsp;&nbsp;<br><\/span><span style=\"color: var( --e-global-color-text ); font-family: var( --e-global-typography-text-font-family ), Sans-serif; font-weight: var( --e-global-typography-text-font-weight ); text-align: var(--text-align); background-color: var(--base-3);\">Sylvia and Dirk Wahl&nbsp;&nbsp;<br><\/span><span style=\"color: var( --e-global-color-text ); font-family: var( --e-global-typography-text-font-family ), Sans-serif; font-weight: var( --e-global-typography-text-font-weight ); text-align: var(--text-align); background-color: var(--base-3);\">Tarc\u00edsio Magevski Rodrigues&nbsp;<br><\/span><span style=\"color: var( --e-global-color-text ); font-family: var( --e-global-typography-text-font-family ), Sans-serif; font-weight: var( --e-global-typography-text-font-weight ); text-align: var(--text-align); background-color: var(--base-3);\">Tasso Azevedo&nbsp;<br><\/span><span style=\"color: var( --e-global-color-text ); font-family: var( --e-global-typography-text-font-family ), Sans-serif; font-weight: var( --e-global-typography-text-font-weight ); text-align: var(--text-align); background-color: var(--base-3);\">Thiago Azevedo&nbsp;<br><\/span><span style=\"color: var( --e-global-color-text ); font-family: var( --e-global-typography-text-font-family ), Sans-serif; font-weight: var( --e-global-typography-text-font-weight ); text-align: var(--text-align); background-color: var(--base-3);\">Thiago Massagardi&nbsp;<br><\/span><span style=\"color: var( --e-global-color-text ); font-family: var( --e-global-typography-text-font-family ), Sans-serif; font-weight: var( --e-global-typography-text-font-weight ); text-align: var(--text-align); background-color: var(--base-3);\">Timothy Hayes&nbsp;<br><\/span><span style=\"color: var( --e-global-color-text ); font-family: var( --e-global-typography-text-font-family ), Sans-serif; font-weight: var( --e-global-typography-text-font-weight ); text-align: var(--text-align); background-color: var(--base-3);\">Uliana Alarcon&nbsp;&nbsp;<br><\/span><span style=\"color: var( --e-global-color-text ); font-family: var( --e-global-typography-text-font-family ), Sans-serif; font-weight: var( --e-global-typography-text-font-weight ); text-align: var(--text-align); background-color: var(--base-3);\">Una Johnston&nbsp;&nbsp;<br><\/span><span style=\"color: var( --e-global-color-text ); font-family: var( --e-global-typography-text-font-family ), Sans-serif; font-weight: var( --e-global-typography-text-font-weight ); text-align: var(--text-align); background-color: var(--base-3);\">Valter Francisco&nbsp;<br><\/span><span style=\"color: var( --e-global-color-text ); font-family: var( --e-global-typography-text-font-family ), Sans-serif; font-weight: var( --e-global-typography-text-font-weight ); text-align: var(--text-align); background-color: var(--base-3);\">Victor Eduardo Lima Ranieri&nbsp;&nbsp;<br><\/span><span style=\"color: var( --e-global-color-text ); font-family: var( --e-global-typography-text-font-family ), Sans-serif; font-weight: var( --e-global-typography-text-font-weight ); text-align: var(--text-align); background-color: var(--base-3);\">Vin\u00edcius Ferreira Pinto&nbsp;<br><\/span><span style=\"color: var( --e-global-color-text ); font-family: var( --e-global-typography-text-font-family ), Sans-serif; font-weight: var( --e-global-typography-text-font-weight ); text-align: var(--text-align); background-color: var(--base-3);\">Viviane Caroline Ramos Batista&nbsp;<br><\/span><span style=\"color: var( --e-global-color-text ); font-family: var( --e-global-typography-text-font-family ), Sans-serif; font-weight: var( --e-global-typography-text-font-weight ); text-align: var(--text-align); background-color: var(--base-3);\">Zoo d&#8217;Amn\u00e9ville Conservation (France)&nbsp; &nbsp;<br><\/span><span style=\"color: var( --e-global-color-text ); font-family: var( --e-global-typography-text-font-family ), Sans-serif; font-weight: var( --e-global-typography-text-font-weight ); text-align: var(--text-align); background-color: var(--base-3);\">Zoo du Bassin d&#8217;Arcachon (France)&nbsp;<\/span><\/p>\n<p><\/p>\n<p><strong>HUMAN TOXICOLOGY STUDY, BY INCAB, IN THE CERRADO OF MATO GROSSO DO SUL<\/strong><\/p>\n<p><strong>&nbsp;<\/strong><strong style=\"color: var( --e-global-color-text ); font-family: var( --e-global-typography-text-font-family ), Sans-serif; text-align: var(--text-align); background-color: var(--base-3);\">SUPPORTERS<\/strong><\/p>\n<p>Adriana Moraes Maciel de Araujo (Sindicato Rural de Nova Alvorada do Sul)&nbsp;<br>Alexandra Tiso Cumerlato (INCAB-IP\u00ca)&nbsp;<br>Andrea Ribeiro de Assun\u00e7\u00e3o (Campo Grande)&nbsp;<br>Aparecido Santana (Escola Rosalvo da Rocha Rodrigues, Agrovila PANA, Nova Alvorada do Sul)&nbsp;<br>Elaine Silva Dias (Assentamento S\u00e3o Jo\u00e3o, Nova Andradina)&nbsp;<br>Elis\u00e2ngela Hon\u00f3rio (Escola Rosalvo da Rocha Rodrigues, Agrovila PANA, Nova Alvorada do Sul)&nbsp;<br>Fernanda Cristina Jacoby (INCAB-IP\u00ca)&nbsp;<br>Gabriela Medeiros de Pinho (INCAB-IP\u00ca)&nbsp;<br>Gleice C\u00e1ssia Corneto Silva (Vigil\u00e2ncia Sanit\u00e1ria, Nova Andradina)&nbsp;<br>Herlon Ricardo (ESF &#8211; Nova Casa Verde, Nova Andradina)&nbsp;<br>Iolanda Noriller (Par\u00f3quia Santo Antonio, Nova Alvorada do Sul)&nbsp;<br>Jaz\u00e3o Rodrigues (Par\u00f3quia Nossa Senhora Aparecida, Agrovila PANA, Nova Alvorada do Sul)&nbsp;<br>Jo\u00e3o Leandro Chaguri (CIATOX, UNESP Botucatu, S\u00e3o Paulo)&nbsp;<br>Laurentino Duarte de Assun\u00e7\u00e3o (Campo Grande)&nbsp;<br>Leandro Faria (Par\u00f3quia Santo Antonio, Nova Alvorada do Sul)&nbsp;<br>Lenora Radis (INCAB-IP\u00ca)&nbsp;<br>Maur\u00edcio Antonio Pomp\u00edlio (M\u00e9dico Infectologista, Campo Grande)&nbsp;<br>Milton Barbosa Bueno (Vila Zuzu, Nova Alvorada do Sul)&nbsp;<br><span style=\"color: var( --e-global-color-text ); font-family: var( --e-global-typography-text-font-family ), Sans-serif; font-weight: var( --e-global-typography-text-font-weight ); text-align: var(--text-align); background-color: var(--base-3);\">Renato Arruda (Laborat\u00f3rio Renato Arruda, Campo Grande)&nbsp;<br><\/span><span style=\"color: var( --e-global-color-text ); font-family: var( --e-global-typography-text-font-family ), Sans-serif; font-weight: var( --e-global-typography-text-font-weight ); text-align: var(--text-align); background-color: var(--base-3);\">Severino Aparecido Pires (Assentamento S\u00e3o Jo\u00e3o, Nova Andradina)&nbsp;<br><\/span><span style=\"color: var( --e-global-color-text ); font-family: var( --e-global-typography-text-font-family ), Sans-serif; font-weight: var( --e-global-typography-text-font-weight ); text-align: var(--text-align); background-color: var(--base-3);\">Silvio Ernesto Bernardo Bess (IAGRO-MS, Nova Alvorada do Sul)&nbsp;&nbsp;<br><\/span><span style=\"color: var( --e-global-color-text ); font-family: var( --e-global-typography-text-font-family ), Sans-serif; font-weight: var( --e-global-typography-text-font-weight ); text-align: var(--text-align); background-color: var(--base-3);\">Simone Aparecida Marega (Secretaria de Sa\u00fade, Nova Andradina)&nbsp;<br><\/span><span style=\"color: var( --e-global-color-text ); font-family: var( --e-global-typography-text-font-family ), Sans-serif; font-weight: var( --e-global-typography-text-font-weight ); text-align: var(--text-align); background-color: var(--base-3);\">Sonilva Azevedo (Escola Rosalvo da Rocha Rodrigues, Agrovila PANA, Nova Alvorada do Sul)&nbsp;<br><\/span><span style=\"color: var( --e-global-color-text ); font-family: var( --e-global-typography-text-font-family ), Sans-serif; font-weight: var( --e-global-typography-text-font-weight ); text-align: var(--text-align); background-color: var(--base-3);\">Suellen dos Santos (Assentamento S\u00e3o Jo\u00e3o, Nova Andradina)&nbsp;<br><\/span><span style=\"color: var( --e-global-color-text ); font-family: var( --e-global-typography-text-font-family ), Sans-serif; font-weight: var( --e-global-typography-text-font-weight ); text-align: var(--text-align); background-color: var(--base-3);\">Telma Menezes de Ara\u00fajo (Sindicato Rural de Nova Alvorada do Sul)&nbsp;<br><\/span><span style=\"color: var( --e-global-color-text ); font-family: var( --e-global-typography-text-font-family ), Sans-serif; font-weight: var( --e-global-typography-text-font-weight ); text-align: var(--text-align); background-color: var(--base-3);\">Valdirene Silva Pires Macena (Profissional da Sa\u00fade, Campo Grande)&nbsp;<\/span><\/p>\t\t\t\t\t\t<\/div>\n\t\t\t\t<\/div>\n\t\t\t\t\t<\/div>\n\t\t\t\t<\/div>\n\t\t\t\t<\/div>\n\t\t","protected":false},"excerpt":{"rendered":"<p>\u00c1goraAgroPalma Inc. (Brazil)AGTech Garage (Brazil)AguamaAlpargatas S. A \u2013 Havaianas (Brazil)Amazon Web Services &#8211; AWSAMORU &#8211; Associa\u00e7\u00e3o de Moradores do Rio Unini (Brazil)Associa\u00e7\u00e3o Aguap\u00e9 &#8211; Associa\u00e7\u00e3o de Seringueiros do Vale do Guapor\u00e9&nbsp;(Brazil)Associa\u00e7\u00e3o de Defesa Etnoambiental Kanind\u00e9 (Brazil)Associa\u00e7\u00e3o dos Moradores da Reserva Extrativista Mapu\u00e1 \u2013 AMOREMA (Brazil)Associa\u00e7\u00e3o de Povos e Comunidades Tradicionais da Reserva de Desenvolvimento Sustent\u00e1vel &#8230; <a title=\"Partners 2023\" class=\"read-more\" href=\"https:\/\/ipe.org.br\/en\/partners-2023\/\" aria-label=\"Read more about Partners 2023\">Read more<\/a><\/p>\n","protected":false},"author":19,"featured_media":0,"parent":0,"menu_order":0,"comment_status":"closed","ping_status":"closed","template":"","meta":{"_acf_changed":false,"footnotes":""},"class_list":["post-16031","page","type-page","status-publish"],"acf":[],"yoast_head":"<!-- This site is optimized with the Yoast SEO plugin v23.0 - https:\/\/yoast.com\/wordpress\/plugins\/seo\/ -->\n<title>Partners 2023 - IP\u00ca - Instituto de Pesquisas Ecol\u00f3gicas<\/title>\n<meta name=\"robots\" content=\"index, follow, max-snippet:-1, max-image-preview:large, max-video-preview:-1\" \/>\n<link rel=\"canonical\" href=\"https:\/\/ipe.org.br\/en\/partners-2023\/\" \/>\n<meta property=\"og:locale\" content=\"en_US\" \/>\n<meta property=\"og:type\" content=\"article\" \/>\n<meta property=\"og:title\" content=\"Partners 2023 - IP\u00ca - Instituto de Pesquisas Ecol\u00f3gicas\" \/>\n<meta property=\"og:description\" content=\"\u00c1goraAgroPalma Inc. (Brazil)AGTech Garage (Brazil)AguamaAlpargatas S. A \u2013 Havaianas (Brazil)Amazon Web Services &#8211; AWSAMORU &#8211; Associa\u00e7\u00e3o de Moradores do Rio Unini (Brazil)Associa\u00e7\u00e3o Aguap\u00e9 &#8211; Associa\u00e7\u00e3o de Seringueiros do Vale do Guapor\u00e9&nbsp;(Brazil)Associa\u00e7\u00e3o de Defesa Etnoambiental Kanind\u00e9 (Brazil)Associa\u00e7\u00e3o dos Moradores da Reserva Extrativista Mapu\u00e1 \u2013 AMOREMA (Brazil)Associa\u00e7\u00e3o de Povos e Comunidades Tradicionais da Reserva de Desenvolvimento Sustent\u00e1vel ... Read more\" \/>\n<meta property=\"og:url\" content=\"https:\/\/ipe.org.br\/en\/partners-2023\/\" \/>\n<meta property=\"og:site_name\" content=\"IP\u00ca - Instituto de Pesquisas Ecol\u00f3gicas\" \/>\n<meta property=\"article:publisher\" content=\"https:\/\/www.facebook.com\/ipe.instituto.pesquisas.ecologicas\" \/>\n<meta property=\"article:modified_time\" content=\"2024-08-22T17:55:10+00:00\" \/>\n<meta property=\"og:image\" content=\"https:\/\/ipe.org.br\/images\/2022\/12\/cropped-logo-ipe2.jpg\" \/>\n\t<meta property=\"og:image:width\" content=\"900\" \/>\n\t<meta property=\"og:image:height\" content=\"900\" \/>\n\t<meta property=\"og:image:type\" content=\"image\/jpeg\" \/>\n<meta name=\"twitter:card\" content=\"summary_large_image\" \/>\n<meta name=\"twitter:site\" content=\"@InstitutoIPE\" \/>\n<meta name=\"twitter:label1\" content=\"Est. reading time\" \/>\n\t<meta name=\"twitter:data1\" content=\"18 minutes\" \/>\n<script type=\"application\/ld+json\" class=\"yoast-schema-graph\">{\"@context\":\"https:\/\/schema.org\",\"@graph\":[{\"@type\":\"WebPage\",\"@id\":\"https:\/\/ipe.org.br\/en\/partners-2023\/\",\"url\":\"https:\/\/ipe.org.br\/en\/partners-2023\/\",\"name\":\"Partners 2023 - IP\u00ca - Instituto de Pesquisas Ecol\u00f3gicas\",\"isPartOf\":{\"@id\":\"https:\/\/ipe.org.br\/#website\"},\"datePublished\":\"2024-08-09T14:15:06+00:00\",\"dateModified\":\"2024-08-22T17:55:10+00:00\",\"breadcrumb\":{\"@id\":\"https:\/\/ipe.org.br\/en\/partners-2023\/#breadcrumb\"},\"inLanguage\":\"en-US\",\"potentialAction\":[{\"@type\":\"ReadAction\",\"target\":[\"https:\/\/ipe.org.br\/en\/partners-2023\/\"]}]},{\"@type\":\"BreadcrumbList\",\"@id\":\"https:\/\/ipe.org.br\/en\/partners-2023\/#breadcrumb\",\"itemListElement\":[{\"@type\":\"ListItem\",\"position\":1,\"name\":\"In\u00edcio\",\"item\":\"https:\/\/ipe.org.br\/en\/home-2\/\"},{\"@type\":\"ListItem\",\"position\":2,\"name\":\"Partners 2023\"}]},{\"@type\":\"WebSite\",\"@id\":\"https:\/\/ipe.org.br\/#website\",\"url\":\"https:\/\/ipe.org.br\/\",\"name\":\"IP\u00ca - Instituto de Pesquisas Ecol\u00f3gicas\",\"description\":\"Pesquisa, Educa\u00e7\u00e3o e Neg\u00f3cios Sustent\u00e1veis para a conserva\u00e7\u00e3o da biodiversidade brasileira.\",\"publisher\":{\"@id\":\"https:\/\/ipe.org.br\/#organization\"},\"potentialAction\":[{\"@type\":\"SearchAction\",\"target\":{\"@type\":\"EntryPoint\",\"urlTemplate\":\"https:\/\/ipe.org.br\/?s={search_term_string}\"},\"query-input\":\"required name=search_term_string\"}],\"inLanguage\":\"en-US\"},{\"@type\":\"Organization\",\"@id\":\"https:\/\/ipe.org.br\/#organization\",\"name\":\"IP\u00ca - Instituto te Pesquisas Ecol\u00f3gicas\",\"alternateName\":\"IP\u00ca - Instituto te Pesquisas Ecol\u00f3gicas\",\"url\":\"https:\/\/ipe.org.br\/\",\"logo\":{\"@type\":\"ImageObject\",\"inLanguage\":\"en-US\",\"@id\":\"https:\/\/ipe.org.br\/#\/schema\/logo\/image\/\",\"url\":\"https:\/\/ipe.org.br\/images\/2022\/12\/cropped-logo-ipe2.jpg\",\"contentUrl\":\"https:\/\/ipe.org.br\/images\/2022\/12\/cropped-logo-ipe2.jpg\",\"width\":900,\"height\":900,\"caption\":\"IP\u00ca - Instituto te Pesquisas Ecol\u00f3gicas\"},\"image\":{\"@id\":\"https:\/\/ipe.org.br\/#\/schema\/logo\/image\/\"},\"sameAs\":[\"https:\/\/www.facebook.com\/ipe.instituto.pesquisas.ecologicas\",\"https:\/\/x.com\/InstitutoIPE\",\"https:\/\/www.instagram.com\/institutoipe\/\",\"https:\/\/www.linkedin.com\/company\/ip---instituto-de-pesquisas-ecolgicas\",\"https:\/\/www.youtube.com\/channel\/UCxsLeAueuL-eMIJy6qif9_g\/videos\"]}]}<\/script>\n<!-- \/ Yoast SEO plugin. -->","yoast_head_json":{"title":"Partners 2023 - IP\u00ca - Instituto de Pesquisas Ecol\u00f3gicas","robots":{"index":"index","follow":"follow","max-snippet":"max-snippet:-1","max-image-preview":"max-image-preview:large","max-video-preview":"max-video-preview:-1"},"canonical":"https:\/\/ipe.org.br\/en\/partners-2023\/","og_locale":"en_US","og_type":"article","og_title":"Partners 2023 - IP\u00ca - Instituto de Pesquisas Ecol\u00f3gicas","og_description":"\u00c1goraAgroPalma Inc. (Brazil)AGTech Garage (Brazil)AguamaAlpargatas S. A \u2013 Havaianas (Brazil)Amazon Web Services &#8211; AWSAMORU &#8211; Associa\u00e7\u00e3o de Moradores do Rio Unini (Brazil)Associa\u00e7\u00e3o Aguap\u00e9 &#8211; Associa\u00e7\u00e3o de Seringueiros do Vale do Guapor\u00e9&nbsp;(Brazil)Associa\u00e7\u00e3o de Defesa Etnoambiental Kanind\u00e9 (Brazil)Associa\u00e7\u00e3o dos Moradores da Reserva Extrativista Mapu\u00e1 \u2013 AMOREMA (Brazil)Associa\u00e7\u00e3o de Povos e Comunidades Tradicionais da Reserva de Desenvolvimento Sustent\u00e1vel ... Read more","og_url":"https:\/\/ipe.org.br\/en\/partners-2023\/","og_site_name":"IP\u00ca - Instituto de Pesquisas Ecol\u00f3gicas","article_publisher":"https:\/\/www.facebook.com\/ipe.instituto.pesquisas.ecologicas","article_modified_time":"2024-08-22T17:55:10+00:00","og_image":[{"width":900,"height":900,"url":"https:\/\/ipe.org.br\/images\/2022\/12\/cropped-logo-ipe2.jpg","type":"image\/jpeg"}],"twitter_card":"summary_large_image","twitter_site":"@InstitutoIPE","twitter_misc":{"Est. reading time":"18 minutes"},"schema":{"@context":"https:\/\/schema.org","@graph":[{"@type":"WebPage","@id":"https:\/\/ipe.org.br\/en\/partners-2023\/","url":"https:\/\/ipe.org.br\/en\/partners-2023\/","name":"Partners 2023 - IP\u00ca - Instituto de Pesquisas Ecol\u00f3gicas","isPartOf":{"@id":"https:\/\/ipe.org.br\/#website"},"datePublished":"2024-08-09T14:15:06+00:00","dateModified":"2024-08-22T17:55:10+00:00","breadcrumb":{"@id":"https:\/\/ipe.org.br\/en\/partners-2023\/#breadcrumb"},"inLanguage":"en-US","potentialAction":[{"@type":"ReadAction","target":["https:\/\/ipe.org.br\/en\/partners-2023\/"]}]},{"@type":"BreadcrumbList","@id":"https:\/\/ipe.org.br\/en\/partners-2023\/#breadcrumb","itemListElement":[{"@type":"ListItem","position":1,"name":"In\u00edcio","item":"https:\/\/ipe.org.br\/en\/home-2\/"},{"@type":"ListItem","position":2,"name":"Partners 2023"}]},{"@type":"WebSite","@id":"https:\/\/ipe.org.br\/#website","url":"https:\/\/ipe.org.br\/","name":"IP\u00ca - Instituto de Pesquisas Ecol\u00f3gicas","description":"Pesquisa, Educa\u00e7\u00e3o e Neg\u00f3cios Sustent\u00e1veis para a conserva\u00e7\u00e3o da biodiversidade brasileira.","publisher":{"@id":"https:\/\/ipe.org.br\/#organization"},"potentialAction":[{"@type":"SearchAction","target":{"@type":"EntryPoint","urlTemplate":"https:\/\/ipe.org.br\/?s={search_term_string}"},"query-input":"required name=search_term_string"}],"inLanguage":"en-US"},{"@type":"Organization","@id":"https:\/\/ipe.org.br\/#organization","name":"IP\u00ca - Instituto te Pesquisas Ecol\u00f3gicas","alternateName":"IP\u00ca - Instituto te Pesquisas Ecol\u00f3gicas","url":"https:\/\/ipe.org.br\/","logo":{"@type":"ImageObject","inLanguage":"en-US","@id":"https:\/\/ipe.org.br\/#\/schema\/logo\/image\/","url":"https:\/\/ipe.org.br\/images\/2022\/12\/cropped-logo-ipe2.jpg","contentUrl":"https:\/\/ipe.org.br\/images\/2022\/12\/cropped-logo-ipe2.jpg","width":900,"height":900,"caption":"IP\u00ca - Instituto te Pesquisas Ecol\u00f3gicas"},"image":{"@id":"https:\/\/ipe.org.br\/#\/schema\/logo\/image\/"},"sameAs":["https:\/\/www.facebook.com\/ipe.instituto.pesquisas.ecologicas","https:\/\/x.com\/InstitutoIPE","https:\/\/www.instagram.com\/institutoipe\/","https:\/\/www.linkedin.com\/company\/ip---instituto-de-pesquisas-ecolgicas","https:\/\/www.youtube.com\/channel\/UCxsLeAueuL-eMIJy6qif9_g\/videos"]}]}},"_links":{"self":[{"href":"https:\/\/ipe.org.br\/en\/wp-json\/wp\/v2\/pages\/16031","targetHints":{"allow":["GET"]}}],"collection":[{"href":"https:\/\/ipe.org.br\/en\/wp-json\/wp\/v2\/pages"}],"about":[{"href":"https:\/\/ipe.org.br\/en\/wp-json\/wp\/v2\/types\/page"}],"author":[{"embeddable":true,"href":"https:\/\/ipe.org.br\/en\/wp-json\/wp\/v2\/users\/19"}],"replies":[{"embeddable":true,"href":"https:\/\/ipe.org.br\/en\/wp-json\/wp\/v2\/comments?post=16031"}],"version-history":[{"count":21,"href":"https:\/\/ipe.org.br\/en\/wp-json\/wp\/v2\/pages\/16031\/revisions"}],"predecessor-version":[{"id":16140,"href":"https:\/\/ipe.org.br\/en\/wp-json\/wp\/v2\/pages\/16031\/revisions\/16140"}],"wp:attachment":[{"href":"https:\/\/ipe.org.br\/en\/wp-json\/wp\/v2\/media?parent=16031"}],"curies":[{"name":"wp","href":"https:\/\/api.w.org\/{rel}","templated":true}]}}